{"id":636,"date":"2021-05-20T11:24:40","date_gmt":"2021-05-20T14:24:40","guid":{"rendered":"http:\/\/blogs.multimeios.ufc.br\/fernandacarmo\/?page_id=636"},"modified":"2024-08-18T13:36:27","modified_gmt":"2024-08-18T16:36:27","slug":"dissertacao-referencias","status":"publish","type":"page","link":"https:\/\/blogs.multimeios.ufc.br\/fernandacarmo\/dissertacao-referencias\/","title":{"rendered":"REFER\u00caNCIAS"},"content":{"rendered":"\n<h3 id=\"andrade-2011\">ANDRADE, Viviane Silva de. <a href=\"http:\/\/blogs.multimeios.ufc.br\/sitemmproducaocientifica\/?smd_process_download=1&amp;download_id=1249\" target=\"_blank\" rel=\"noopener\"><strong>A Sequ\u00eancia Fedathi e o Ambiente Virtual de Ensino Telemeios na determina\u00e7\u00e3o da equa\u00e7\u00e3o de uma reta<\/strong><\/a>. 2011. Disserta\u00e7\u00e3o (Mestrado em Educa\u00e7\u00e3o) \u2013 Faculdade de Educa\u00e7\u00e3o, Universidade Federal do Cear\u00e1, Fortaleza, 2011.<\/h3>\n<h3 id=\"barbosa-2020\">BARBOSA, J\u00e9ssica de Castro. <a href=\"http:\/\/blogs.multimeios.ufc.br\/sitemmproducaocientifica\/?smd_process_download=1&amp;download_id=1296\" target=\"_blank\" rel=\"noopener\"><strong>Ra\u00edzes<\/strong><\/a>: concep\u00e7\u00f5es te\u00f3ricas, pedag\u00f3gicas e tecno-pr\u00e1ticas de um Objeto Educacional Digital (OED) baseado na Sequ\u00eancia Fedathi. 2020. Disserta\u00e7\u00e3o (Mestrado em Educa\u00e7\u00e3o) \u2013 Faculdade de Educa\u00e7\u00e3o, Universidade Federal do Cear\u00e1, Fortaleza, 2020.<\/h3>\n<h3 id=\"bellemain-lima-2002\">BELLEMAIN, Paula Moreira Baltar; LIMA, Paulo Figueiredo. <strong>Um estudo da no\u00e7\u00e3o de Grandeza e implica\u00e7\u00f5es no Ensino Fundamental<\/strong>. Natal: SBHMata, 2002.<\/h3>\n<h3 id=\"bezerra-2017\">BEZERRA, Antonio Marcelo Ara\u00fajo. <a href=\"http:\/\/blogs.multimeios.ufc.br\/sitemmproducaocientifica\/?smd_process_download=1&amp;download_id=1225\" target=\"_blank\" rel=\"noopener\"><strong>A forma\u00e7\u00e3o matem\u00e1tica do pedagogo<\/strong>: a rela\u00e7\u00e3o entre o racioc\u00ednio matem\u00e1tico e as estrat\u00e9gias na solu\u00e7\u00e3o de problemas matem\u00e1ticos<\/a>. 2017. Disserta\u00e7\u00e3o (Mestrado em Educa\u00e7\u00e3o) \u2013 Faculdade de Educa\u00e7\u00e3o, Universidade Federal do Cear\u00e1, Fortaleza, 2017.<\/h3>\n<h3 id=\"bezerra-2019\">BEZERRA, Antonio Marcelo Ara\u00fajo. A Sequ\u00eancia Fedathi na perspectiva da teoria das situa\u00e7\u00f5es did\u00e1ticas de Brousseau. <em>In<\/em>: BORGES NETO, Herm\u00ednio (org). <strong>Sequ\u00eancia Fedathi<\/strong>: interfaces com o pensamento pedag\u00f3gico. Fortaleza: CRV, 2019, p. 203-214.<\/h3>\n<h3 id=\"bianchetti-2001\">BIANCHETTI, Roberto Gerardo. <strong>Modelo neoliberal e pol\u00edticas educacionais<\/strong>. 3. ed. S\u00e3o Paulo: Cortez, 2001.<\/h3>\n<h3 id=\"borges-neto-capelo-borges-2007\">BORGES NETO, Herm\u00ednio; CAPELO BORGES, Suzana Maria. <a href=\"http:\/\/blogs.multimeios.ufc.br\/sitemmproducaocientifica\/?smd_process_download=1&amp;download_id=1716\" target=\"_blank\" rel=\"noopener\">As tecnologias digitais no desenvolvimento do racioc\u00ednio l\u00f3gico<\/a>. <strong>Linhas Cr\u00edticas<\/strong>, Bras\u00edlia, v. 13, n. 24, p. 77-87, jan.\/jun. 2007.<\/h3>\n<h3 id=\"borges-neto-et-al-2021\">BORGES NETO, Herm\u00ednio; TORRES, Antonia Lis de Maria Martins; ARA\u00daJO; Ana Cl\u00e1udia Uch\u00f4a; MOREIRA, Mar\u00edlia Maia (org.). <strong>EaD no estado do Cear\u00e1<\/strong>: hist\u00f3ria, mem\u00f3ria e experi\u00eancias formativas I. Curitiba: CRV, 2021.<\/h3>\n<h3 id=\"borges-neto-2020\">BORGES NETO, Herm\u00ednio. <strong>O protagonismo do professor<\/strong>. Reden\u00e7\u00e3o: UNILAB \u2013 Laborat\u00f3rio de Pesquisa MultiMeios\/UFC, 2020. 20 slides.<\/h3>\n<h3 id=\"borges-neto-2017-b\">BORGES NETO, Herm\u00ednio (org.). <strong>Sequ\u00eancia Fedathi al\u00e9m das ci\u00eancias duras<\/strong>. Curitiba, PR: CRV, 2017b. (Cole\u00e7\u00e3o Sequ\u00eancia Fedathi, v. 2).<\/h3>\n<h3 id=\"borges-neto-2018\">BORGES NETO, Herm\u00ednio (org.). <strong>Sequ\u00eancia Fedathi<\/strong>: fundamentos. Curitiba: CRV, 2018. (Cole\u00e7\u00e3o Sequ\u00eancia Fedathi, v. 3).<\/h3>\n<h3 id=\"borges-neto-2019\">BORGES NETO, Herm\u00ednio (org.). <strong>Sequ\u00eancia Fedathi<\/strong>: interfaces com o pensamento pedag\u00f3gico. Curitiba: CRV, 2019. (Cole\u00e7\u00e3o Sequ\u00eancia Fedathi, v. 4).<\/h3>\n<h3 id=\"borges-neto-2017-a\">BORGES NETO, Herm\u00ednio (org.). <strong>Sequ\u00eancia Fedathi no ensino de matem\u00e1tica<\/strong>. Curitiba: CRV, 2017a. (Cole\u00e7\u00e3o Sequ\u00eancia Fedathi, v. 1).<\/h3>\n<h3 id=\"borges-neto-santana-2001\">BORGES NETO, Herm\u00ednio; SANTANA, Jos\u00e9 Rog\u00e9rio. <a href=\"http:\/\/blogs.multimeios.ufc.br\/sitemmproducaocientifica\/?smd_process_download=1&amp;download_id=931\" target=\"_blank\" rel=\"noopener\">Fundamentos epistemol\u00f3gicos da Teoria de Fedathi no ensino de matem\u00e1tica.<\/a> <em>In<\/em>: XV EPENN \u2013 Encontro de Pesquisa Educacional do Nordeste: Educa\u00e7\u00e3o, Desenvolvimento Humano e Cidadania. <strong>Anais<\/strong> [&#8230;]. S\u00e3o Lu\u00eds (MA), 2001.<\/h3>\n<h3 id=\"borges-neto-1999\">BORGES NETO, Herm\u00ednio. <a href=\"http:\/\/blogs.multimeios.ufc.br\/sitemmproducaocientifica\/?smd_process_download=1&amp;download_id=1761\" target=\"_blank\" rel=\"noopener\">Uma classifica\u00e7\u00e3o sobre a utiliza\u00e7\u00e3o do computador pela escola<\/a>. <strong>Educa\u00e7\u00e3o em Debate<\/strong>, Fortaleza, ano 21, v. 1, n. 27, p. 135-138, 1999.<\/h3>\n<h3 id=\"borges-neto-2016\">BORGES NETO, Herm\u00ednio. <a href=\"http:\/\/blogs.multimeios.ufc.br\/sitemmproducaocientifica\/?smd_process_download=1&amp;download_id=2145\" target=\"_blank\" rel=\"noopener\"><strong>Uma proposta l\u00f3gico-dedutiva-construtiva para o ensino de Matem\u00e1tica<\/strong><\/a>. 2016. Tese (Apresentada para o cargo de professor titular) \u2013 Faculdade de Educa\u00e7\u00e3o, Universidade Federal do Cear\u00e1, Fortaleza, 2016.<\/h3>\n<h3 id=\"brasil-2006\">BRASIL. <a href=\"http:\/\/www.planalto.gov.br\/ccivil_03\/_Ato2004-2006\/2006\/Decreto\/D5800.htm\" target=\"_blank\" rel=\"noopener\">Decreto n\u00ba 5.800, de 8 de junho de 2006<\/a>. Disp\u00f5e sobre o Sistema Universidade Aberta do Brasil \u2013 UAB. <strong>Di\u00e1rio Oficial da Uni\u00e3o<\/strong>, Poder Executivo, Bras\u00edlia, DF, 9 jun. 2006.<\/h3>\n<h3 id=\"brasil-2017\">BRASIL. <a href=\"http:\/\/www.planalto.gov.br\/ccivil_03\/_ato2015-2018\/2017\/decreto\/D9057.htm\" target=\"_blank\" rel=\"noopener\">Decreto n\u00ba 9.057, de 25 de maio de 2017.<\/a> Regulamenta o art. 80 da Lei n\u00ba 9.394, de 20 de dezembro de 1996, que estabelece as diretrizes e bases da educa\u00e7\u00e3o nacional. <strong>Di\u00e1rio Oficial da Uni\u00e3o<\/strong>, Poder Executivo, Bras\u00edlia, DF, 26 mai. 2017.<\/h3>\n<h3 id=\"brasil-1996\">BRASIL. <a href=\"https:\/\/www.planalto.gov.br\/ccivil_03\/Leis\/L9394.htm\" target=\"_blank\" rel=\"noopener\">Lei n\u00ba 9.394, de 20 de dezembro de 1996<\/a>. Estabelece as diretrizes e bases da educa\u00e7\u00e3o nacional. <strong>Di\u00e1rio Oficial da Uni\u00e3o<\/strong>, Poder Legislativo, Bras\u00edlia, DF, 23 dez. 1996.<\/h3>\n<h3 id=\"brasil-2007\">BRASIL. Minist\u00e9rio da Educa\u00e7\u00e3o, Secretaria de Educa\u00e7\u00e3o a Dist\u00e2ncia.<a href=\"http:\/\/portal.mec.gov.br\/seed\/arquivos\/pdf\/legislacao\/refead1.pdf\" target=\"_blank\" rel=\"noopener\"><strong> Referenciais de qualidade para educa\u00e7\u00e3o superior a dist\u00e2ncia<\/strong><\/a>. Bras\u00edlia, 2007. Acesso em: 24 ago. 2020.<\/h3>\n<h3 id=\"brasil-2020\">BRASIL. <a href=\"http:\/\/www.planalto.gov.br\/CCIVIL_03\/Portaria\/PRT\/Portaria%20n%C2%BA%20343-20-mec.htm\" target=\"_blank\" rel=\"noopener\">Portaria n\u00ba 343, de 17 de mar\u00e7o de 2020.<\/a> Disp\u00f5e sobre a substitui\u00e7\u00e3o das aulas presenciais por aulas em meios digitais enquanto durar a situa\u00e7\u00e3o de pandemia do Novo Coronav\u00edrus \u2013 COVID-19. <strong>Di\u00e1rio Oficial da Uni\u00e3o<\/strong>, Bras\u00edlia, DF, 18 mar. 2020. Se\u00e7\u00e3o 1, p. 39.<\/h3>\n<h3 id=\"campus-neto-et-al-2021\">CAMPOS NETO, Francisco Herculano; BORGES NETO, Herm\u00ednio; TORRES, Ant\u00f4nia Lis de Maria Martins; MENDES, D\u00e9bora Let\u00edcia Moreira; JOAQUIM, Davide Carlos; FELIPE, Let\u00edcia Pereira; LEITE, Ana Caroline Rocha de Melo; GIR\u00c3O, Virg\u00ednia Cl\u00e1udia Carneiro. <a href=\"https:\/\/www.journalijdr.com\/sites\/default\/files\/issue-pdf\/23321.pdf\" target=\"_blank\" rel=\"noopener\">The application of the Fedathi Sequence in teaching human Anatomy: a successful change of atitude<\/a>. <strong>International Journal of Development Research<\/strong>, v. 11, n. 11, p. 51924-51929, 2021. Acesso em: 09 fev. 2022.<\/h3>\n<h3 id=\"caraca-1951\" style=\"text-align: left;\">CARA\u00c7A, Bento de Jesus. <strong>Conceitos Fundamentais da Matem\u00e1tica<\/strong>. Lisboa: Biblioteca Cosmos, 1951.<\/h3>\n<h3 id=\"carmo-et-al-2020\">CARMO, Fernanda Maria Almeida do;\u00a0 FAUSTINO, Jos\u00e9 Airton de Oliveira; LIMA, Maria Van\u00edsia Mendon\u00e7a de; FEL\u00cdCIO, Mil\u00ednia Stephanie Nogueira Barbosa; BORGES NETO, Herm\u00ednio; CERQUEIRA, Gilberto Santos. <a href=\"https:\/\/www.ijier.net\/ijier\/article\/view\/2460\" target=\"_blank\" rel=\"noopener\">The Didactic Contract from the Perspective of the Theory of Didactical Situations: An Integrative Review<\/a>. <strong>International Journal for Innovation Education and Research<\/strong>, v. 8, n. 7, p. 123-134, 2020. Acesso em: 10 mar. 2021.<\/h3>\n<h3 id=\"carvalho-et-al-2021\">CARVALHO, Elaine de Farias Giffoni de; SCIPI\u00c3O, Lara Ronise de Negreiros Pinto; ALMEIDA NETO, Carlos Alves de; ANDRADE, Wendel Melo; MARQUES, Kelly Cristina Vaz de Carvalho; SANTOS, Cleidivan Alves dos; CERQUEIRA, Gilberto Santos; SANTOS, Maria Jos\u00e9 Costa dos. <a href=\"https:\/\/www.journalijdr.com\/subsidiating-training-mathematics-teacher\" target=\"_blank\" rel=\"noopener\">Subsidiating the training of the mathematics teacher<\/a>. <strong>International Journal of Development Research<\/strong>, v. 11, n. 3, p. 45173-45178, mar. 2021. Acesso em: 03 fev. 2022.<\/h3>\n<h3 id=\"carvalho-2010\">CARVALHO, Jo\u00e3o Bosco Pitombeira Fernandes de (coord.).\u00a0<strong>Matem\u00e1tica<\/strong>: ensino Fundamental. Bras\u00edlia: Minist\u00e9rio da Educa\u00e7\u00e3o, Secretaria de Educa\u00e7\u00e3o B\u00e1sica, 2010.<\/h3>\n<h3 id=\"costa-2013\">COSTA, Zayra Barbosa. <a href=\"http:\/\/blogs.multimeios.ufc.br\/sitemmproducaocientifica\/?smd_process_download=1&amp;download_id=2376\" target=\"_blank\" rel=\"noopener\"><strong>O processo de avalia\u00e7\u00e3o na disciplina Educa\u00e7\u00e3o a Dist\u00e2ncia do Curso de Pedagogia da Universidade Federal do Cear\u00e1<\/strong><\/a>. 2013. Trabalho de Conclus\u00e3o de Curso (Licenciatura em Pedagogia) \u2013 Faculdade de Educa\u00e7\u00e3o, Universidade Federal do Cear\u00e1, Fortaleza, 2013.<\/h3>\n<h3 id=\"davis-hersh-1995\">DAVIS, Philip J.; HERSH, Reuben. <strong>A experi\u00eancia matem\u00e1tica<\/strong>. Portugal: Gradativa, 1995.<\/h3>\n<h3 id=\"felicio-et-al-2020\">FEL\u00cdCIO, Mil\u00ednia Stephanie Nogueira Barbosa; MENEZES, Daniel Brand\u00e3o; BORGES NETO, Herm\u00ednio. <a href=\"https:\/\/revistas.uece.br\/index.php\/BOCEHM\/article\/view\/2906\" target=\"_blank\" rel=\"noopener\">Forma\u00e7\u00e3o Fedathi Generaliz\u00e1vel: metodologia de forma\u00e7\u00e3o de professores<\/a>. <strong>Boletim Cearense de Educa\u00e7\u00e3o e Hist\u00f3ria da Matem\u00e1tica<\/strong>, v. 7, n. 19, p. 24-40, 2020. Acesso em: 09 fev. 2022.<\/h3>\n<h3 id=\"ferreira-2018\">FERREIRA, Fl\u00e1via de Carvalho. Contraexemplo. <em>In<\/em>: BORGES NETO, Herm\u00ednio (org.). <strong>Sequ\u00eancia Fedathi<\/strong>: fundamentos. Curitiba: CRV, 2018, p. 49-54.<\/h3>\n<h3 id=\"fontenele-2018\">FONTENELE, Francisca Cl\u00e1udia Fernandes. <a href=\"http:\/\/blogs.multimeios.ufc.br\/sitemmproducaocientifica\/?smd_process_download=1&amp;download_id=1261\" target=\"_blank\" rel=\"noopener\"><strong>Contribui\u00e7\u00f5es da Sequ\u00eancia Fedathi para o desenvolvimento do Pensamento Matem\u00e1tico Avan\u00e7ado<\/strong><\/a>: uma an\u00e1lise da media\u00e7\u00e3o docente em aulas de \u00c1lgebra Linear. 2018. Tese (Doutorado em Educa\u00e7\u00e3o) \u2013 Faculdade de Educa\u00e7\u00e3o, Universidade Federal do Cear\u00e1, Fortaleza, 2018.<\/h3>\n<h3>GEOGEBRA. <a href=\"https:\/\/www.geogebra.org\/classic\/pkbz5pur\" target=\"_blank\" rel=\"noopener\"><strong>T&amp;M. 3 Volume of a Wineglass<\/strong><\/a>. \u00c1ustria, 2022. Acesso em: 14 fev. 2022.<\/h3>\n<h3 id=\"gil-2002\">GIL, Antonio Carlos. <strong>Como elaborar projetos de pesquisa<\/strong>. 4. ed. S\u00e3o Paulo: Atlas, 2002.<\/h3>\n<h3 id=\"guidorizzi-2001\">GUIDORIZZI, Hamilton Luiz. <strong>Um curso de c\u00e1lculo, vol. 1<\/strong>. 5. ed. Rio de Janeiro: LTC, 2001.<\/h3>\n<h3 id=\"haguette-2007\">HAGUETTE, Teresa Maria Frota. <strong>Metodologias qualitativas na sociologia<\/strong>. 11. ed. Petr\u00f3polis, RJ: Vozes, 2007.<\/h3>\n<h3 id=\"halmos-1950\">HALMOS, Paul Richard. <strong>Measure Theory<\/strong>. New York: Springer, 1950. Acesso em: 05 jan. 2022.<\/h3>\n<h3 id=\"ipem-2021\">INSTITUTO DE PESOS E MEDIDAS DO ESTADO DE S\u00c3O PAULO. <a href=\"https:\/\/www.ipem.sp.gov.br\/index.php\/cidadao\/conceitos-metrologia-e-qualidade\" target=\"_blank\" rel=\"noopener\"><strong>Conceitos<\/strong><\/a>: Metrologia e Qualidade. Acesso: 24 set. 2021.<\/h3>\n<h3 id=\"juca-2011\">JUC\u00c1, Adelmir de Menezes. <a href=\"http:\/\/blogs.multimeios.ufc.br\/sitemmproducaocientifica\/?smd_process_download=1&amp;download_id=1251\" target=\"_blank\" rel=\"noopener\"><strong>Constru\u00e7\u00f5es Geom\u00e9tricas no Ambiente Virtual de Ensino Telemeios com media\u00e7\u00e3o na Sequ\u00eancia Fedathi<\/strong><\/a>. 2011. Tese (Doutorado em Educa\u00e7\u00e3o) \u2013 Universidade Federal do Cear\u00e1, Fortaleza, 2011.<\/h3>\n<h3 id=\"leal-2012\">LEAL, Viviane Pereira Lima Verde. <a href=\"http:\/\/blogs.multimeios.ufc.br\/sitemmproducaocientifica\/?smd_process_download=1&amp;download_id=1355\" target=\"_blank\" rel=\"noopener\"><strong>Uma proposta pedag\u00f3gica para uso do bate-papo virtual no ensino<\/strong><\/a>. 2012. Tese (Doutorado em Educa\u00e7\u00e3o) \u2013 Faculdade de Educa\u00e7\u00e3o, Universidade Federal do Cear\u00e1, Fortaleza, 2012.<\/h3>\n<h3 id=\"lima-2007\">LIMA, Elon Lages. <strong>Matem\u00e1tica e Ensino<\/strong>. 3 ed. Rio de Janeiro: SBM, 2007.<\/h3>\n<h3 id=\"lima-1991-a\">LIMA, Elon Lages. <strong>Medida e Forma em Geometria<\/strong>: comprimento, \u00e1rea, volume e semelhan\u00e7a. Rio de Janeiro: SBM, 1991a.<\/h3>\n<h3 id=\"lima-1991\">LIMA, Elon Lages. <strong>Meu professor de Matem\u00e1tica<\/strong>. Rio de Janeiro: SBM, 1991b.<\/h3>\n<h3 id=\"lima-1995\">LIMA, Paulo Figueiredo. Considera\u00e7\u00f5es sobre o Ensino do Conceito de \u00c1rea. <em>In<\/em>: Semana de Estudos em Psicologia da Educa\u00e7\u00e3o Matem\u00e1tica, 1995, Recife. <strong>Anais <\/strong>[&#8230;]. Recife, 1995.<\/h3>\n<h3 id=\"lima-2008\">LIMA, Tereza Cristina Batista de. <a href=\"http:\/\/blogs.multimeios.ufc.br\/sitemmproducaocientifica\/?smd_process_download=1&amp;download_id=1232\" target=\"_blank\" rel=\"noopener\"><strong>A\u00e7\u00e3o educativa e tecnologias digitais<\/strong><\/a>: an\u00e1lise sobre os saberes colaborativos. 2008. Tese (Doutorado em Educa\u00e7\u00e3o) \u2013 Faculdade de Educa\u00e7\u00e3o, Universidade Federal do Cear\u00e1, Fortaleza, 2008.<\/h3>\n<h3 id=\"lima-2005\">LIMA, Tereza Cristina Batista de. Novas tecnologias: a sociedade do conhecimento e as novas formas de pensar a educa\u00e7\u00e3o. <em>In<\/em>: ALBUQUERQUE, Luiz Botelho (org.). <strong>Curr\u00edculos contempor\u00e2neos<\/strong>: forma\u00e7\u00e3o, diversidade e identidades em transi\u00e7\u00e3o. Fortaleza: Editora UFC, 2005, p. 487-498.<\/h3>\n<h3 id=\"melo-2017\">MELO, Virlane Nogueira. <a href=\"http:\/\/blogs.multimeios.ufc.br\/sitemmproducaocientifica\/?smd_process_download=1&amp;download_id=1339\" target=\"_blank\" rel=\"noopener\"><strong>Sequ\u00eancia Fedathi e An\u00e1lise de Erros aplicadas ao ensino de fra\u00e7\u00f5es<\/strong><\/a>. 2017. Disserta\u00e7\u00e3o (Mestrado em Educa\u00e7\u00e3o) \u2013 Faculdade de Educa\u00e7\u00e3o, Universidade Federal do Cear\u00e1, Fortaleza, 2017.<\/h3>\n<h3 id=\"mendon\u00e7a-2018\">MENDON\u00c7A, Adriana Ferreira. Situa\u00e7\u00e3o Adid\u00e1tica. <em>In<\/em>: BORGES NETO, Herm\u00ednio. <strong>Sequ\u00eancia Fedathi<\/strong>: fundamentos. Curitiba: CRV, 2018, p. 23-26.<\/h3>\n<h3 id=\"menezes-2018\">MENEZES, Daniel Brand\u00e3o. <a href=\"http:\/\/blogs.multimeios.ufc.br\/sitemmproducaocientifica\/?smd_process_download=1&amp;download_id=1297\" target=\"_blank\" rel=\"noopener\"><strong>O ensino do c\u00e1lculo diferencial e integral na perspectiva da Sequ\u00eancia Fedathi<\/strong><\/a>: caracteriza\u00e7\u00e3o do comportamento de um bom professor. 2018. Tese (Doutorado em Educa\u00e7\u00e3o) \u2013 Faculdade de Educa\u00e7\u00e3o, Universidade Federal do Cear\u00e1, Fortaleza, 2018.<\/h3>\n<h3 id=\"moher-et-al-2015\">MOHER, D.; LIBERATI, A.; TETZLAFF, J.; ALTMAN, D. G. <a href=\"https:\/\/doi.org\/10.5123\/S1679-49742015000200017\" target=\"_blank\" rel=\"noopener\">Principais itens para relatar Revis\u00f5es sistem\u00e1ticas e Meta-an\u00e1lises<\/a>: a recomenda\u00e7\u00e3o Prisma. Tradu\u00e7\u00e3o de Ta\u00eds Freire Galv\u00e3o e Thais de Souza Andrade Pansani. Bras\u00edlia: <strong>Epidemiologia e Servi\u00e7os de Sa\u00fade<\/strong>, 24(2), abr-jun 2015, p. 335-342. T\u00edtulo original: Preferred Reporting Items for Systematic Reviews and Meta-Analyses: the PRISMA Statement.<\/h3>\n<h3 id=\"moodle-2020\">MOODLE.\u00a0<a href=\"https:\/\/docs.moodle.org\/38\/en\/About_Moodle\" target=\"_blank\" rel=\"noopener\"><strong>Sobre o Moodle<\/strong><\/a>. Austr\u00e1lia, 2020. Acesso em: 10 mai. 2020.<\/h3>\n<h3 id=\"moodle-multimeios-2022\">MOODLE MULTIMEIOS. <a href=\"https:\/\/hbn.multimeios.ufc.br\/moodle\/course\/view.php?id=89\" target=\"_blank\" rel=\"noopener\"><strong>Introdu\u00e7\u00e3o ao conceito de Medida segundo a Sequ\u00eancia Fedathi<\/strong><\/a>. Fortaleza, 2022. Acesso em: 07 fev. 2022.<\/h3>\n<h3 id=\"moraes-2013\">MORAES, Mariza Silva de. <a href=\"http:\/\/blogs.multimeios.ufc.br\/sitemmproducaocientifica\/?smd_process_download=1&amp;download_id=2190\" target=\"_blank\" rel=\"noopener\"><strong>Cotejo did\u00e1tico-organizacional entre as plataformas de ensino<\/strong><\/a>: Moodle, Teleduc e Telemeios para a implementa\u00e7\u00e3o da licenciatura a dist\u00e2ncia em Letras Italiano, na Universidade Federal do Esp\u00edrito Santo. 2013. Relat\u00f3rio de P\u00f3s-Doutorado \u2013 Faculdade de Educa\u00e7\u00e3o, Universidade Federal do Cear\u00e1, Fortaleza, 2013.<\/h3>\n<h3 id=\"morais-et-al-2014\">MORAIS, Leonardo Bernardo; BELLEMAIN; Paula Moreira Baltar; LIMA, Paulo Figueiredo. <a href=\"https:\/\/revistas.pucsp.br\/emp\/article\/view\/15278\" target=\"_blank\" rel=\"noopener\">An\u00e1lise de situa\u00e7\u00f5es de volume em livros did\u00e1ticos de matem\u00e1tica do ensino m\u00e9dio \u00e0 luz da teoria dos campos conceituais<\/a>. <strong>Educ. Matem. Pesq.<\/strong>, v. 16, n. 1, p. 25-46, 2014. Acesso em: 18 fev. 2022.<\/h3>\n<h3 id=\"moreira-et-al-2018\">MOREIRA, Mar\u00edlia Maia; JOYE, Cassandra R.; ARA\u00daJO, Ana Cl\u00e1udia U.; BORGES NETO, Herm\u00ednio. <a href=\"http:\/\/blogs.multimeios.ufc.br\/sitemmproducaocientifica\/?smd_process_download=1&amp;download_id=1720\" target=\"_blank\" rel=\"noopener\">A Sequ\u00eancia Fedathi como transposi\u00e7\u00e3o did\u00e1tica na produ\u00e7\u00e3o de material did\u00e1tico online<\/a>: o caso da disciplina c\u00e1lculo matem\u00e1tico. <em>In<\/em>: CONGRESSO BRASILEIRO DE ENSINO SUPERIOR A DIST\u00c2NCIA, 2018, Natal. <strong>Anais <\/strong>[&#8230;]. Natal: SEDIS-UFRN, 2018. Acesso em: 07 jul. 2020.<\/h3>\n<h3 id=\"moreira-2014\">MOREIRA, Mar\u00edlia Maia. <a href=\"http:\/\/blogs.multimeios.ufc.br\/sitemmproducaocientifica\/?smd_process_download=1&amp;download_id=1323\" target=\"_blank\" rel=\"noopener\"><strong>An\u00e1lise da vis\u00e3o do professor-tutor sobre a adequabilidade do Material Did\u00e1tico de matem\u00e1tica \u00e0 luz da Sequ\u00eancia Fedathi<\/strong><\/a>: o caso da licenciatura em matem\u00e1tica do IFCE. 2014. Disserta\u00e7\u00e3o (Mestrado em Educa\u00e7\u00e3o) \u2013 Faculdade de Educa\u00e7\u00e3o, Universidade Federal do Cear\u00e1, Fortaleza, 2014.<\/h3>\n<h3 id=\"nasserala-2014\">NASSERALA, Alessandro Mendon\u00e7a. <a href=\"http:\/\/blogs.multimeios.ufc.br\/sitemmproducaocientifica\/?smd_process_download=1&amp;download_id=1197\" target=\"_blank\" rel=\"noopener\"><strong>Elabora\u00e7\u00e3o e descri\u00e7\u00e3o de situa\u00e7\u00f5es did\u00e1ticas com amparo na Sequ\u00eancia Fedathi<\/strong>: o caso da Integral Impr\u00f3pria<\/a>. 2014. Disserta\u00e7\u00e3o (Mestrado Profissional em Ensino de Ci\u00eancias e Matem\u00e1tica) \u2013 Centro de Ci\u00eancias, Universidade Federal do Cear\u00e1, Fortaleza, 2014.<\/h3>\n<h3 id=\"nunes-et-al-2020\">NUNES, Bruna Marques Barreto; SOARES NETO, Josaphat; UCH\u00d4A, Francisco Ewerton de Paula; FORTE; Guilherme Aguiar; PIMENTA, Helder Bind\u00e1; BARRETO, Jo\u00e3o Erivan Fa\u00e7anha; TEIXEIRA, Claudio Silva; SILVA, Ivan do Nascimento da; CERQUEIRA, Gilberto Santos. <a href=\"https:\/\/faseb.onlinelibrary.wiley.com\/doi\/abs\/10.1096\/fasebj.2020.34.s1.08982\" target=\"_blank\" rel=\"noopener\">Sequence FEDATHI and TBL (Team Based Learning) improve the learning of human anatomy<\/a>. <strong>FASEB<\/strong>, v. 34, abr. 2020. Acesso em: 10 mar. 2021.<\/h3>\n<h3 id=\"oliveira-et-al-2021\">OLIVEIRA, Vinicius Cardoso; SILVA, Milena Borges de Lima; SILVA, Andr\u00e9 Santos; BORGES NETO, Herm\u00ednio. <a href=\"http:\/\/periodicos.ufc.br\/eu\/article\/view\/74531\" target=\"_blank\" rel=\"noopener\">Integra\u00e7\u00e3o do software TeleMeios com o ambiente Moodle no contexto educacional<\/a>. <strong>Revista Encontros Universit\u00e1rios da UFC<\/strong>, v. 6, n. 2, 2021. Acesso em: 02 mar. 2022.<\/h3>\n<h3 id=\"pereira-2014\">PEREIRA, Viviane de Oliveira. <a href=\"http:\/\/blogs.multimeios.ufc.br\/sitemmproducaocientifica\/?smd_process_download=1&amp;download_id=906\" target=\"_blank\" rel=\"noopener\"><strong>Bate-papo na internet<\/strong><\/a>: algumas perspectivas educativas. 2004. Disserta\u00e7\u00e3o (Mestrado em Educa\u00e7\u00e3o) \u2013 Faculdade de Educa\u00e7\u00e3o, Universidade Federal do Cear\u00e1, Fortaleza, 2004.<\/h3>\n<h3 id=\"pinheiro-2008\">PINHEIRO, Ana Cl\u00e1udia Mendon\u00e7a. <a href=\"http:\/\/blogs.multimeios.ufc.br\/sitemmproducaocientifica\/?smd_process_download=1&amp;download_id=1199\" target=\"_blank\" rel=\"noopener\"><strong>A media\u00e7ao docente na constru\u00e7\u00e3o do racioc\u00ednio geom\u00e9trico de alunos da licenciatura em matem\u00e1tica na disciplina Desenho Geom\u00e9trico<\/strong><\/a>. 2008. Disserta\u00e7\u00e3o (Mestrado em Educa\u00e7\u00e3o) \u2013 Faculdade de Educa\u00e7\u00e3o, Universidade Federal do Cear\u00e1, Fortaleza, 2008.<\/h3>\n<h3 id=\"pinheiro-2018\">PINHEIRO, Ana Cl\u00e1udia Mendon\u00e7a. A media\u00e7\u00e3o. <em>In<\/em>: BORGES NETO, Herm\u00ednio (org.). <strong>Sequ\u00eancia Fedathi<\/strong>: Fundamentos. Curitiba: CRV, 2018, p. 37-47.<\/h3>\n<h3 id=\"ripardo-oliveira-menezes-2020\">RIPARDO, Orlando Richard Lopes; OLIVEIRA, Gabrielly de Sousa; MENEZES, Daniel Brand\u00e3o. <a href=\"https:\/\/www.eumed.net\/rev\/atlante\/2020\/06\/matematica-basica.html\" target=\"_blank\" rel=\"noopener\">Curso preparat\u00f3rio matem\u00e1tica b\u00e1sica CIMENG \u2013 Proposta do ensino da matem\u00e1tica b\u00e1sica para ingressos em gradua\u00e7\u00f5es de exatas<\/a>. <strong>Atlante<\/strong>: Cuadernos de Educaci\u00f3n y Desarrollo, jun. 2020. Acesso em: 17 ago. 2020.<\/h3>\n<h3 id=\"rodrigues-2017\">RODRIGUES, Iliane Maria Pimenta. <a href=\"http:\/\/blogs.multimeios.ufc.br\/sitemmproducaocientifica\/?smd_process_download=1&amp;download_id=1337\" target=\"_blank\" rel=\"noopener\"><strong>Sequ\u00eancia Fedathi e Aprendizagem Cooperativa no Ensino de Matem\u00e1tica<\/strong><\/a>: reflex\u00f5es metodol\u00f3gicas sobre a postura docente. 2017. Disserta\u00e7\u00e3o (Mestrado em Educa\u00e7\u00e3o) \u2013 Faculdade de Educa\u00e7\u00e3o, Universidade Federal do Cear\u00e1, Fortaleza, 2017.<\/h3>\n<h3 id=\"saviani-2013\">SAVIANI, Dermeval. <strong>Hist\u00f3ria das ideias pedag\u00f3gicas no Brasil<\/strong>. 4. ed. Campinas, SP: Autores Associados, 2013.<\/h3>\n<h3 id=\"santana-2018\">SANTANA, Ana Carmem de Souza. M\u00e3o no Bolso: postura, metodologia ou pedagogia? <em>In<\/em>: BORGES NETO, Herm\u00ednio (org). <strong>Sequ\u00eancia Fedathi<\/strong>: fundamentos. Fortaleza: CRV, 2018, p. 15-21.<\/h3>\n<h3 id=\"santana-2019\">SANTANA, Ana Carmen de Souza. <a href=\"http:\/\/blogs.multimeios.ufc.br\/sitemmproducaocientifica\/?smd_process_download=1&amp;download_id=1299\" target=\"_blank\" rel=\"noopener\"><strong>Uma proposta de ciclos formativos em Educomunica\u00e7\u00e3o baseados na pr\u00e1xis fedathiana<\/strong><\/a>: o case do CRID. 2019. Tese (Doutorado em Educa\u00e7\u00e3o) \u2013 Faculdade de Educa\u00e7\u00e3o, Universidade Federal do Cear\u00e1, Fortaleza, 2019.<\/h3>\n<h3 id=\"santana-borges-neto-2003\">SANTANA, Jos\u00e9 Rog\u00e9rio; BORGES NETO, Herm\u00ednio. Seq\u00fc\u00eancia Fedathi uma proposta de media\u00e7\u00e3o pedag\u00f3gica na rela\u00e7\u00e3o ensino\/aprendizagem. <em>In<\/em>: VASCONCELOS, Jos\u00e9 Gerardo (org.). <strong>Filosofia, Educa\u00e7\u00e3o e Realidade<\/strong>. Fortaleza: Edi\u00e7\u00f5es UFC, 2003.<\/h3>\n<h3 id=\"silva-et-al-2019\">SANTOS, Andr\u00e9 Silva; ARA\u00daJO, Carlos Henrique Delmiro de; FAUSTINO, Jos\u00e9 Airton de Oliveira; FEL\u00cdCIO, Mil\u00ednia Stephanie Nogueira Barbossa; MENEZES, Daniel Brand\u00e3o; BORGES NETO, Herm\u00ednio. <a href=\"https:\/\/uol.unifor.br\/oul\/conteudosite\/?cdConteudo=9709307\" target=\"_blank\" rel=\"noopener\">Fedath\u00edfico \u2013 <em>Software<\/em> gerenciador de trabalhos cient\u00edficos baseado na Sequ\u00eancia Fedathi<\/a>. <em>In<\/em>: ENCONTROS CIENT\u00cdCOS, 2019, Fortaleza. <strong>Anais<\/strong> [&#8230;]. Fortaleza: Universidade de Fortaleza \u2013 UNIFOR, 2019. Acesso em: 29 set. 2020.<\/h3>\n<h3 id=\"santos-2010\">SANTOS, Javilane Almada dos. <strong>TeleMeios<\/strong>: <a href=\"http:\/\/blogs.multimeios.ufc.br\/sitemmproducaocientifica\/?smd_process_download=1&amp;download_id=2435\" target=\"_blank\" rel=\"noopener\">Ferramentas Interativas para o Ensino a Dist\u00e2ncia<\/a>. 2010. Trabalho de Conclus\u00e3o de Curso (Licenciatura em Pedagogia) \u2013 Faculdade de Educa\u00e7\u00e3o, Universidade Federal do Cear\u00e1, Fortaleza, 2010.<\/h3>\n<h3 id=\"santos-et-al-2019\">SANTOS, Joelma Nogueira dos; BORGES NETO, Herm\u00ednio; PINHEIRO, Ana Cl\u00e1udia Mendon\u00e7a. <a href=\"https:\/\/doi.org\/10.30938\/bocehm.v6i17.1074\" target=\"_blank\" rel=\"noopener\">A origem e os fundamentos da Sequ\u00eancia Fedathi<\/a>: uma an\u00e1lise hist\u00f3rico-conceitual. <strong>Boletim Cearense de Educa\u00e7\u00e3o e Hist\u00f3ria da Matem\u00e1tica<\/strong>, v. 6, n. 17, p. 6-19, 2019.<\/h3>\n<h3 id=\"santos-2017\">SANTOS, Maria Jos\u00e9 Costa dos. A forma\u00e7\u00e3o do professor de matem\u00e1tica: metodologia sequ\u00eancia fedathi(sf). <strong>Revista Lus\u00f3fona de Educa\u00e7\u00e3o<\/strong>, n. 38, p. 81-96, 2017.<\/h3>\n<h3 id=\"santos-2007\">SANTOS, Maria Jos\u00e9 Costa dos. <a href=\"http:\/\/blogs.multimeios.ufc.br\/sitemmproducaocientifica\/?smd_process_download=1&amp;download_id=1231\" target=\"_blank\" rel=\"noopener\"><strong>Reaprender fra\u00e7\u00f5es por meio de oficinas pedag\u00f3gicas<\/strong>: desafio para a forma\u00e7\u00e3o inicial<\/a>. 2007. Disserta\u00e7\u00e3o (Mestrado em Educa\u00e7\u00e3o) \u2013 Faculdade de Educa\u00e7\u00e3o, Universidade Federal do Cear\u00e1, Fortaleza, 2007.<\/h3>\n<h3 id=\"silva-et-al-2021\">SILVA, Milena Borges de Lima; OLIVEIRA, Vinicius Cardoso; SILVA, Andr\u00e9 Santos; BORGES NETO, Herminio. <a href=\"http:\/\/periodicos.ufc.br\/eu\/article\/view\/74531\" target=\"_blank\" rel=\"noopener\">TeleMeios integrado a RNP como diferencial na educa\u00e7\u00e3o<\/a>. <strong>Revista Encontros Universit\u00e1rios da UFC<\/strong>, v. 6, n. 2, p. 1408-1408, 2021. Acesso em: 04 fev. 2022.<\/h3>\n<h3 id=\"soares-neto-et-al-2019\">SOARES NETO, Josaphat Santos; SANTOS, Maria Jose Costa dos; BORGES NETO, Herminio; LUCENA, Jalles Dantas de; MORANO, Domingos Ant\u00f4nio Clemente Maria Silvio; FREITAS, Francisco Orlando Rafael; CASTRO FILHO, Luiz Alexandre Porto; CERQUEIRA, Gilberto Santos. <a href=\"https:\/\/faseb.onlinelibrary.wiley.com\/doi\/full\/10.1096\/fasebj.2019.33.1_supplement.606.25?af=R&amp;ai=1gvoi&amp;mi=3ricys\" target=\"_blank\" rel=\"noopener\">Fedathi Sequence a teaching tool for the teaching of Anatomy of the sensory system<\/a>. <strong>FASEB<\/strong>, v. 33, abr. 2019. Acesso em: 10 mar. 2021.<\/h3>\n<h3 id=\"soares-neto-et-al-2020\">SOARES NETO, Josaphat; SANTOS, Maria Jos\u00e9 Costa dos; CERQUEIRA, Gilberto Santos; SOUZA, Emmanuel Prata. <a href=\"https:\/\/www.rsdjournal.org\/index.php\/rsd\/article\/view\/8141\" target=\"_blank\" rel=\"noopener\">A Sequ\u00eancia Fedathi e o uso de tecnologias digitais 3D como recursos metodol\u00f3gicos para o ensino de anatomia humana: uma revis\u00e3o integrativa<\/a>. <strong>Research, Society and Development<\/strong>, v.6, n. 10, p. 1-24, 2020. Acesso em: 09 fev. 2022.<\/h3>\n<h3 id=\"soares-2017\">SOARES, Raianny Lima.\u00a0<a href=\"http:\/\/blogs.multimeios.ufc.br\/sitemmproducaocientifica\/?smd_process_download=1&amp;download_id=1343\" target=\"_blank\" rel=\"noopener\"><strong>A pr\u00e1tica de Educa\u00e7\u00e3o a Dist\u00e2ncia desenvolvida pelo Laborat\u00f3rio de Pesquisa MultiMeios<\/strong><\/a>: di\u00e1logos com a Sequ\u00eancia Fedathi. 2017. Disserta\u00e7\u00e3o (Mestrado em Educa\u00e7\u00e3o) \u2013 Faculdade de Educa\u00e7\u00e3o, Universidade Federal do Cear\u00e1, Fortaleza, 2017.<\/h3>\n<h3 id=\"sousa-2015\">SOUSA, Francisco Edisom Eugenio de. <a href=\"http:\/\/blogs.multimeios.ufc.br\/sitemmproducaocientifica\/?smd_process_download=1&amp;download_id=1264\" target=\"_blank\" rel=\"noopener\"><strong>A pergunta como estrat\u00e9gia de media\u00e7\u00e3o did\u00e1tica no ensino de matem\u00e1tica por meio da Sequ\u00eancia Fedathi<\/strong><\/a>. 2015. Tese (Doutorado em Educa\u00e7\u00e3o) \u2013 Universidade Federal do Cear\u00e1, Fortaleza, 2015.<\/h3>\n<h3 id=\"sousa-et-al-2013\">SOUSA, Francisco Edisom Eugenio de; VASCONCELOS, Francisco Herbert Lima; BORGES NETO, Herm\u00ednio; LIMA, Ivoneide Pinheiro de; SANTOS, Maria Jos\u00e9 Costa dos; ANDRADE, Viviane Silva de (org.). <strong>Sequ\u00eancia Fedathi<\/strong>: uma Proposta Pedag\u00f3gica para o Ensino de Ci\u00eancias e Matem\u00e1tica. Fortaleza: Edi\u00e7\u00f5es UFC, 2013.<\/h3>\n<h3 id=\"torres-borges-neto-2018\">TORRES, Antonia Lis de Maria Martins; BORGES NETO, Herm\u00ednio. A perspectiva de educa\u00e7\u00e3o aberta desenvolvida pelo Laborat\u00f3rio de Pesquisa MultiMeios\/Faced\/UFC. <em>In<\/em>: CAVALCANTE, Maria Juraci Maia; HOLANDA, Patr\u00edcia Helena Carvalho; TORRES, Antonia Lis de Maria Martins (org.). <strong>Tecnologias da Educa\u00e7\u00e3o<\/strong>: Passado \u2013 Presente \u2013 Futuro. Fortaleza: Edi\u00e7\u00f5es UFC, 2018.<\/h3>\n<h3 id=\"torres-2018\">TORRES, Antonia Lis de Maria Martins. <strong>Laborat\u00f3rio de Multimeios entre gigas e megabytes<\/strong>: (re)criando percursos formativos. Fortaleza: Edi\u00e7\u00f5es UFC, 2018.<\/h3>\n<h3 id=\"vasconcelos-1984\">VASCONCELOS, Cleiton Batista. <a href=\"http:\/\/blogs.multimeios.ufc.br\/sitemmproducaocientifica\/?smd_process_download=1&amp;download_id=2414\" target=\"_blank\" rel=\"noopener\"><strong>Uma abordagem natural para An\u00e9is de Dedekind<\/strong>.<\/a> 1984. Disserta\u00e7\u00e3o (P\u00f3s-Gradua\u00e7\u00e3o em Matem\u00e1tica) \u2013 Universidade Federal do Cear\u00e1, Fortaleza, 1984.<\/h3>\n<h3 id=\"youtube-2022\">YOUTUBE. <a href=\"https:\/\/www.youtube.com\/user\/multimeiosufc\" target=\"_blank\" rel=\"noopener\"><strong>Multimeios UFC<\/strong><\/a>. Fortaleza, 2022. Acesso em: 07 fev. 2022.<\/h3>\n<h3>\u00a0<\/h3>\n<table style=\"width: 100%; border-collapse: collapse; border-color: #ffffff; height: 25px;\">\n<tbody>\n<tr style=\"height: 25px;\">\n<td style=\"width: 33.3333%; padding: 0px; border-color: #ffffff; height: 25px;\">\n<h3><a href=\"http:\/\/blogs.multimeios.ufc.br\/fernandacarmo\/dissertacao-5-consideracoes-finais\/\"><img decoding=\"async\" class=\"alignnone wp-image-4539\" src=\"http:\/\/blogs.multimeios.ufc.br\/fernandacarmo\/files\/2023\/01\/botao-para-a-esquerda-300x300.png\" alt=\"\" width=\"30\" height=\"30\" srcset=\"https:\/\/blogs.multimeios.ufc.br\/fernandacarmo\/files\/2023\/01\/botao-para-a-esquerda-300x300.png 300w, https:\/\/blogs.multimeios.ufc.br\/fernandacarmo\/files\/2023\/01\/botao-para-a-esquerda-150x150.png 150w, https:\/\/blogs.multimeios.ufc.br\/fernandacarmo\/files\/2023\/01\/botao-para-a-esquerda.png 512w\" sizes=\"(max-width: 30px) 100vw, 30px\" \/><\/a><br \/>5 Considera\u00e7\u00f5es finais<\/h3>\n<\/td>\n<td style=\"width: 33.3333%; padding: 0px; border-color: #ffffff; height: 25px; text-align: center;\">\n<h3><a href=\"http:\/\/blogs.multimeios.ufc.br\/fernandacarmo\/dissertacao\/\"><img decoding=\"async\" class=\"alignnone wp-image-4540\" src=\"http:\/\/blogs.multimeios.ufc.br\/fernandacarmo\/files\/2023\/01\/Home_icon_green-1-300x300.png\" alt=\"\" width=\"30\" height=\"30\" srcset=\"https:\/\/blogs.multimeios.ufc.br\/fernandacarmo\/files\/2023\/01\/Home_icon_green-1-300x300.png 300w, https:\/\/blogs.multimeios.ufc.br\/fernandacarmo\/files\/2023\/01\/Home_icon_green-1-150x150.png 150w, https:\/\/blogs.multimeios.ufc.br\/fernandacarmo\/files\/2023\/01\/Home_icon_green-1.png 512w\" sizes=\"(max-width: 30px) 100vw, 30px\" \/><\/a><br \/>In\u00edcio<\/h3>\n<\/td>\n<td style=\"width: 33.3333%; padding: 0px; border-color: #ffffff; height: 25px; text-align: right;\">\u00a0<\/td>\n<\/tr>\n<\/tbody>\n<\/table>\n","protected":false},"excerpt":{"rendered":"<p>ANDRADE, Viviane Silva de. A Sequ\u00eancia Fedathi e o Ambiente Virtual de Ensino Telemeios na determina\u00e7\u00e3o da equa\u00e7\u00e3o de uma reta. 2011. Disserta\u00e7\u00e3o (Mestrado em Educa\u00e7\u00e3o) \u2013 Faculdade de Educa\u00e7\u00e3o, Universidade Federal do Cear\u00e1, Fortaleza, 2011. BARBOSA, J\u00e9ssica de Castro. &hellip; <a href=\"https:\/\/blogs.multimeios.ufc.br\/fernandacarmo\/dissertacao-referencias\/\">Continue lendo <span class=\"meta-nav\">&rarr;<\/span><\/a><\/p>\n","protected":false},"author":23,"featured_media":0,"parent":0,"menu_order":0,"comment_status":"closed","ping_status":"closed","template":"","meta":{"footnotes":""},"class_list":["post-636","page","type-page","status-publish","hentry"],"yoast_head":"<!-- This site is optimized with the Yoast SEO plugin v27.4 - https:\/\/yoast.com\/product\/yoast-seo-wordpress\/ -->\n<title>Blog da Fernanda - REFER\u00caNCIAS<\/title>\n<meta name=\"description\" content=\"Refer\u00eancias da Disserta\u00e7\u00e3o de Mestrado de Fernanda Carmo do Laborat\u00f3rio MultiMeios da Universidade Federal do Cear\u00e1\" \/>\n<meta name=\"robots\" content=\"index, follow, max-snippet:-1, max-image-preview:large, max-video-preview:-1\" \/>\n<link rel=\"canonical\" href=\"http:\/\/blogs.multimeios.ufc.br\/fernandacarmo\/dissertacao-referencias\/\" \/>\n<meta property=\"og:locale\" content=\"pt_BR\" \/>\n<meta property=\"og:type\" content=\"article\" \/>\n<meta property=\"og:title\" content=\"Blog da Fernanda - REFER\u00caNCIAS\" \/>\n<meta property=\"og:description\" content=\"Refer\u00eancias da Disserta\u00e7\u00e3o de Mestrado de Fernanda Carmo do Laborat\u00f3rio MultiMeios da Universidade Federal do Cear\u00e1\" \/>\n<meta property=\"og:url\" content=\"http:\/\/blogs.multimeios.ufc.br\/fernandacarmo\/dissertacao-referencias\/\" \/>\n<meta property=\"og:site_name\" content=\"Blog da Fernanda\" \/>\n<meta property=\"article:modified_time\" content=\"2024-08-18T16:36:27+00:00\" \/>\n<meta property=\"og:image\" content=\"http:\/\/blogs.multimeios.ufc.br\/fernandacarmo\/files\/2023\/01\/botao-para-a-esquerda-300x300.png\" \/>\n<meta name=\"twitter:card\" content=\"summary_large_image\" \/>\n<meta name=\"twitter:label1\" content=\"Est. tempo de leitura\" \/>\n\t<meta name=\"twitter:data1\" content=\"15 minutos\" \/>\n<script type=\"application\/ld+json\" class=\"yoast-schema-graph\">{\"@context\":\"https:\\\/\\\/schema.org\",\"@graph\":[{\"@type\":\"WebPage\",\"@id\":\"http:\\\/\\\/blogs.multimeios.ufc.br\\\/fernandacarmo\\\/dissertacao-referencias\\\/\",\"url\":\"http:\\\/\\\/blogs.multimeios.ufc.br\\\/fernandacarmo\\\/dissertacao-referencias\\\/\",\"name\":\"Blog da Fernanda - REFER\u00caNCIAS\",\"isPartOf\":{\"@id\":\"https:\\\/\\\/blogs.multimeios.ufc.br\\\/fernandacarmo\\\/#website\"},\"primaryImageOfPage\":{\"@id\":\"http:\\\/\\\/blogs.multimeios.ufc.br\\\/fernandacarmo\\\/dissertacao-referencias\\\/#primaryimage\"},\"image\":{\"@id\":\"http:\\\/\\\/blogs.multimeios.ufc.br\\\/fernandacarmo\\\/dissertacao-referencias\\\/#primaryimage\"},\"thumbnailUrl\":\"http:\\\/\\\/blogs.multimeios.ufc.br\\\/fernandacarmo\\\/files\\\/2023\\\/01\\\/botao-para-a-esquerda-300x300.png\",\"datePublished\":\"2021-05-20T14:24:40+00:00\",\"dateModified\":\"2024-08-18T16:36:27+00:00\",\"description\":\"Refer\u00eancias da Disserta\u00e7\u00e3o de Mestrado de Fernanda Carmo do Laborat\u00f3rio MultiMeios da Universidade Federal do Cear\u00e1\",\"breadcrumb\":{\"@id\":\"http:\\\/\\\/blogs.multimeios.ufc.br\\\/fernandacarmo\\\/dissertacao-referencias\\\/#breadcrumb\"},\"inLanguage\":\"pt-BR\",\"potentialAction\":[{\"@type\":\"ReadAction\",\"target\":[\"http:\\\/\\\/blogs.multimeios.ufc.br\\\/fernandacarmo\\\/dissertacao-referencias\\\/\"]}]},{\"@type\":\"ImageObject\",\"inLanguage\":\"pt-BR\",\"@id\":\"http:\\\/\\\/blogs.multimeios.ufc.br\\\/fernandacarmo\\\/dissertacao-referencias\\\/#primaryimage\",\"url\":\"https:\\\/\\\/blogs.multimeios.ufc.br\\\/fernandacarmo\\\/files\\\/2023\\\/01\\\/botao-para-a-esquerda.png\",\"contentUrl\":\"https:\\\/\\\/blogs.multimeios.ufc.br\\\/fernandacarmo\\\/files\\\/2023\\\/01\\\/botao-para-a-esquerda.png\",\"width\":512,\"height\":512},{\"@type\":\"BreadcrumbList\",\"@id\":\"http:\\\/\\\/blogs.multimeios.ufc.br\\\/fernandacarmo\\\/dissertacao-referencias\\\/#breadcrumb\",\"itemListElement\":[{\"@type\":\"ListItem\",\"position\":1,\"name\":\"In\u00edcio\",\"item\":\"https:\\\/\\\/blogs.multimeios.ufc.br\\\/fernandacarmo\\\/\"},{\"@type\":\"ListItem\",\"position\":2,\"name\":\"REFER\u00caNCIAS\"}]},{\"@type\":\"WebSite\",\"@id\":\"https:\\\/\\\/blogs.multimeios.ufc.br\\\/fernandacarmo\\\/#website\",\"url\":\"https:\\\/\\\/blogs.multimeios.ufc.br\\\/fernandacarmo\\\/\",\"name\":\"Blog da Fernanda\",\"description\":\"\",\"potentialAction\":[{\"@type\":\"SearchAction\",\"target\":{\"@type\":\"EntryPoint\",\"urlTemplate\":\"https:\\\/\\\/blogs.multimeios.ufc.br\\\/fernandacarmo\\\/?s={search_term_string}\"},\"query-input\":{\"@type\":\"PropertyValueSpecification\",\"valueRequired\":true,\"valueName\":\"search_term_string\"}}],\"inLanguage\":\"pt-BR\"}]}<\/script>\n<!-- \/ Yoast SEO plugin. -->","yoast_head_json":{"title":"Blog da Fernanda - REFER\u00caNCIAS","description":"Refer\u00eancias da Disserta\u00e7\u00e3o de Mestrado de Fernanda Carmo do Laborat\u00f3rio MultiMeios da Universidade Federal do Cear\u00e1","robots":{"index":"index","follow":"follow","max-snippet":"max-snippet:-1","max-image-preview":"max-image-preview:large","max-video-preview":"max-video-preview:-1"},"canonical":"http:\/\/blogs.multimeios.ufc.br\/fernandacarmo\/dissertacao-referencias\/","og_locale":"pt_BR","og_type":"article","og_title":"Blog da Fernanda - REFER\u00caNCIAS","og_description":"Refer\u00eancias da Disserta\u00e7\u00e3o de Mestrado de Fernanda Carmo do Laborat\u00f3rio MultiMeios da Universidade Federal do Cear\u00e1","og_url":"http:\/\/blogs.multimeios.ufc.br\/fernandacarmo\/dissertacao-referencias\/","og_site_name":"Blog da Fernanda","article_modified_time":"2024-08-18T16:36:27+00:00","og_image":[{"url":"http:\/\/blogs.multimeios.ufc.br\/fernandacarmo\/files\/2023\/01\/botao-para-a-esquerda-300x300.png","type":"","width":"","height":""}],"twitter_card":"summary_large_image","twitter_misc":{"Est. tempo de leitura":"15 minutos"},"schema":{"@context":"https:\/\/schema.org","@graph":[{"@type":"WebPage","@id":"http:\/\/blogs.multimeios.ufc.br\/fernandacarmo\/dissertacao-referencias\/","url":"http:\/\/blogs.multimeios.ufc.br\/fernandacarmo\/dissertacao-referencias\/","name":"Blog da Fernanda - REFER\u00caNCIAS","isPartOf":{"@id":"https:\/\/blogs.multimeios.ufc.br\/fernandacarmo\/#website"},"primaryImageOfPage":{"@id":"http:\/\/blogs.multimeios.ufc.br\/fernandacarmo\/dissertacao-referencias\/#primaryimage"},"image":{"@id":"http:\/\/blogs.multimeios.ufc.br\/fernandacarmo\/dissertacao-referencias\/#primaryimage"},"thumbnailUrl":"http:\/\/blogs.multimeios.ufc.br\/fernandacarmo\/files\/2023\/01\/botao-para-a-esquerda-300x300.png","datePublished":"2021-05-20T14:24:40+00:00","dateModified":"2024-08-18T16:36:27+00:00","description":"Refer\u00eancias da Disserta\u00e7\u00e3o de Mestrado de Fernanda Carmo do Laborat\u00f3rio MultiMeios da Universidade Federal do Cear\u00e1","breadcrumb":{"@id":"http:\/\/blogs.multimeios.ufc.br\/fernandacarmo\/dissertacao-referencias\/#breadcrumb"},"inLanguage":"pt-BR","potentialAction":[{"@type":"ReadAction","target":["http:\/\/blogs.multimeios.ufc.br\/fernandacarmo\/dissertacao-referencias\/"]}]},{"@type":"ImageObject","inLanguage":"pt-BR","@id":"http:\/\/blogs.multimeios.ufc.br\/fernandacarmo\/dissertacao-referencias\/#primaryimage","url":"https:\/\/blogs.multimeios.ufc.br\/fernandacarmo\/files\/2023\/01\/botao-para-a-esquerda.png","contentUrl":"https:\/\/blogs.multimeios.ufc.br\/fernandacarmo\/files\/2023\/01\/botao-para-a-esquerda.png","width":512,"height":512},{"@type":"BreadcrumbList","@id":"http:\/\/blogs.multimeios.ufc.br\/fernandacarmo\/dissertacao-referencias\/#breadcrumb","itemListElement":[{"@type":"ListItem","position":1,"name":"In\u00edcio","item":"https:\/\/blogs.multimeios.ufc.br\/fernandacarmo\/"},{"@type":"ListItem","position":2,"name":"REFER\u00caNCIAS"}]},{"@type":"WebSite","@id":"https:\/\/blogs.multimeios.ufc.br\/fernandacarmo\/#website","url":"https:\/\/blogs.multimeios.ufc.br\/fernandacarmo\/","name":"Blog da Fernanda","description":"","potentialAction":[{"@type":"SearchAction","target":{"@type":"EntryPoint","urlTemplate":"https:\/\/blogs.multimeios.ufc.br\/fernandacarmo\/?s={search_term_string}"},"query-input":{"@type":"PropertyValueSpecification","valueRequired":true,"valueName":"search_term_string"}}],"inLanguage":"pt-BR"}]}},"_links":{"self":[{"href":"https:\/\/blogs.multimeios.ufc.br\/fernandacarmo\/wp-json\/wp\/v2\/pages\/636","targetHints":{"allow":["GET"]}}],"collection":[{"href":"https:\/\/blogs.multimeios.ufc.br\/fernandacarmo\/wp-json\/wp\/v2\/pages"}],"about":[{"href":"https:\/\/blogs.multimeios.ufc.br\/fernandacarmo\/wp-json\/wp\/v2\/types\/page"}],"author":[{"embeddable":true,"href":"https:\/\/blogs.multimeios.ufc.br\/fernandacarmo\/wp-json\/wp\/v2\/users\/23"}],"replies":[{"embeddable":true,"href":"https:\/\/blogs.multimeios.ufc.br\/fernandacarmo\/wp-json\/wp\/v2\/comments?post=636"}],"version-history":[{"count":187,"href":"https:\/\/blogs.multimeios.ufc.br\/fernandacarmo\/wp-json\/wp\/v2\/pages\/636\/revisions"}],"predecessor-version":[{"id":5293,"href":"https:\/\/blogs.multimeios.ufc.br\/fernandacarmo\/wp-json\/wp\/v2\/pages\/636\/revisions\/5293"}],"wp:attachment":[{"href":"https:\/\/blogs.multimeios.ufc.br\/fernandacarmo\/wp-json\/wp\/v2\/media?parent=636"}],"curies":[{"name":"wp","href":"https:\/\/api.w.org\/{rel}","templated":true}]}}