{"id":47,"date":"2018-02-15T13:20:53","date_gmt":"2018-02-15T15:20:53","guid":{"rendered":"http:\/\/blogs.multimeios.ufc.br\/ensf\/?page_id=47"},"modified":"2018-08-24T19:15:43","modified_gmt":"2018-08-24T22:15:43","slug":"i-ensf","status":"publish","type":"page","link":"https:\/\/blogs.multimeios.ufc.br\/iensf\/","title":{"rendered":"I ENSF"},"content":{"rendered":"<h3 style=\"text-align: left\">O <strong>I Encontro Nacional da Sequ\u00eancia Fedathi (ENSF)<\/strong> \u00e9 um evento idealizado pelo Grupo de Educa\u00e7\u00e3o Matem\u00e1tica do Multimeios GEM2 para comemorar os 30 anos de constitui\u00e7\u00e3o, produ\u00e7\u00e3o e amplia\u00e7\u00e3o da Sequ\u00eancia Fedathi. Esse in\u00edcio tem a dif\u00edcil tarefa de agregar todos os grupos de pesquisa, pesquisadores e colaboradores que utilizam ou utilizaram a Sequ\u00eancia Fedathi em suas pesquisas para apresentar uma retrospectiva do percurso hist\u00f3rico e metodol\u00f3gico de sua evolu\u00e7\u00e3o.<\/h3>\n<h3 style=\"text-align: left\">O ENSF \u00e9 um espa\u00e7o idealizado e constitu\u00eddo em mesas redondas, palestras e apresenta\u00e7\u00e3o de trabalhos para divulgar, socializar e apresentar reflex\u00f5es te\u00f3ricas da Sequ\u00eancia Fedathi para alunos de gradua\u00e7\u00e3o, p\u00f3s gradua\u00e7\u00e3o, professores da educa\u00e7\u00e3o b\u00e1sica, professores do ensino superior e colaboradores em todos os n\u00edveis de ensino e pesquisa.<\/h3>\n<h3 style=\"text-align: left\">A Sequ\u00eancia Fedathi \u00e9 uma sequ\u00eancia did\u00e1tica de trabalho para o professor com base em suas experi\u00eancias como matem\u00e1tico, de modo que seja poss\u00edvel aos professores criar condi\u00e7\u00f5es e possibilidades para que os estudantes de Matem\u00e1tica na Educa\u00e7\u00e3o B\u00e1sica e no Ensino Superior pudessem ter uma experi\u00eancia significativa quanto \u00e0 aprendizagem matem\u00e1tica. Est\u00e1 fundamentada na l\u00f3gica do descobrimento matem\u00e1tico de Imre Lakatos e no intucionismo, ou seja, fundamentada em concep\u00e7\u00f5es epistemol\u00f3gicas do conhecimento matem\u00e1tico. A ideia b\u00e1sica consiste em colocar o estudante na posi\u00e7\u00e3o de um matem\u00e1tico, por meio do processo de resolu\u00e7\u00e3o de problemas. O diferencial da proposta de Borges Neto est\u00e1 na compreens\u00e3o da rela\u00e7\u00e3o ensino\/aprendizagem com base nas posturas do professor, diferentemente da cl\u00e1ssica proposta de Polya, centrada no desenvolvimento de estrat\u00e9gias de resolu\u00e7\u00e3o de problemas dos alunos.<\/h3>\n<h3 style=\"text-align: left\"><strong>Com o tema &#8220;Sequ\u00eancia Fedathi: 30 anos contribuindo com o ensino e a pesquisa para al\u00e9m das Ci\u00eancias Exatas&#8221;<\/strong>, a proposta do evento tamb\u00e9m agrega uma discuss\u00e3o do alcance dessa metodologia em \u00e2mbito nacional, das novas tem\u00e1ticas e tend\u00eancias que perpassam pesquisas na Educa\u00e7\u00e3o Matem\u00e1tica, com as tecnologias e a forma\u00e7\u00e3o do professor, seja como uma metodologia de ensino, seja como uma metodologia de pesquisa. Nesse sentido, a parceria formada entre a Diretoria da Sociedade Brasileira de Educa\u00e7\u00e3o Matem\u00e1tica (SBEM) no Cear\u00e1 e a Faculdade de Educa\u00e7\u00e3o (FACED) da Universidade Federal do Cear\u00e1 (UFC) possibilitar\u00e1 a realiza\u00e7\u00e3o do evento nas instala\u00e7\u00f5es desta universidade. H\u00e1 de se destacar tamb\u00e9m a participa\u00e7\u00e3o do Instituto Federal de Educa\u00e7\u00e3o Ci\u00eancias e Tecnologias (IFCE) \u2013 Campus Cedro e Campus Caucaia, e de outras Institui\u00e7\u00f5es estaduais, federais e particulares do Estado Cear\u00e1 que se uniram para a realiza\u00e7\u00e3o desse evento de pesquisa, de divulga\u00e7\u00e3o profissional e cient\u00edfica da educa\u00e7\u00e3o brasileira.<\/h3>\n<h3 style=\"text-align: left\">Para esse evento destacamos o lan\u00e7amento do livro \u201cSequ\u00eancia Fedathi: Fundamentos\u201d e o relan\u00e7amento do livro \u201cTecendo redes de experi\u00eancias cognitivas: reflex\u00f5es entre a teoria e a pr\u00e1tica\u201d.<\/h3>\n<h3 style=\"text-align: left\"><strong>O evento ser\u00e1 realizado nos dias 27 e 28 de agosto de 2018 no Audit\u00f3rio Valnir Chagas na Faculdade de Educa\u00e7\u00e3o (FACED), localizada na Rua Waldery Uchoa, 01, Bairro Benfica, Campus Benfica da UFC, Fortaleza (CE).<\/strong><\/h3>\n<p>Confira a programa\u00e7\u00e3o no menu localizado no in\u00edcio dessa p\u00e1gina.<\/p>\n<p><a href=\"https:\/\/www.youtube.com\/user\/multimeiosufc\">TRANSMISS\u00c3O AO VIVO!!!! CLIQUE AQUI!!!<\/a> e n\u00e3o esque\u00e7a de se inscrever no canal do YouTube &#8220;Multimeios UFC&#8221; para acompanhar todas as transmiss\u00f5es!<\/p>\n<p>&nbsp;<\/p>\n<p><img fetchpriority=\"high\" decoding=\"async\" class=\"size-medium wp-image-324 aligncenter\" src=\"http:\/\/blogs.multimeios.ufc.br\/ensf\/files\/2018\/07\/SELO-SF-sem-fundo-300x300.png\" alt=\"\" width=\"300\" height=\"300\" srcset=\"https:\/\/blogs.multimeios.ufc.br\/iensf\/files\/2018\/07\/SELO-SF-sem-fundo-300x300.png 300w, https:\/\/blogs.multimeios.ufc.br\/iensf\/files\/2018\/07\/SELO-SF-sem-fundo-150x150.png 150w, https:\/\/blogs.multimeios.ufc.br\/iensf\/files\/2018\/07\/SELO-SF-sem-fundo-768x768.png 768w, https:\/\/blogs.multimeios.ufc.br\/iensf\/files\/2018\/07\/SELO-SF-sem-fundo-1024x1024.png 1024w\" sizes=\"(max-width: 300px) 100vw, 300px\" \/><\/p>\n<p><strong>_____________________________________<\/strong>_____________________<\/p>\n<h4>N\u00e3o deixe de conferir uma conversa de C\u00edntia Matos\u00a0 com o prof. Dr. Herm\u00ednio Borges Neto sobre seu percurso acad\u00eamico e profissional at\u00e9 a idealiza\u00e7\u00e3o da Sequ\u00eancia Fedathi (SF).<\/h4>\n<p><iframe title=\"Entrevista com o prof. Dr. Herm\u00ednio Borges Neto sobre a Sequ\u00eancia Fedathi\" width=\"640\" height=\"360\" src=\"https:\/\/www.youtube.com\/embed\/qYK44Rfh_yY?feature=oembed\" frameborder=\"0\" allow=\"accelerometer; autoplay; clipboard-write; encrypted-media; gyroscope; picture-in-picture; web-share\" referrerpolicy=\"strict-origin-when-cross-origin\" allowfullscreen><\/iframe><\/p>\n","protected":false},"excerpt":{"rendered":"<p>O I Encontro Nacional da Sequ\u00eancia Fedathi (ENSF) \u00e9 um evento idealizado pelo Grupo de Educa\u00e7\u00e3o Matem\u00e1tica do Multimeios GEM2 para comemorar os 30 anos de constitui\u00e7\u00e3o, produ\u00e7\u00e3o e amplia\u00e7\u00e3o da Sequ\u00eancia Fedathi. Esse in\u00edcio tem a dif\u00edcil tarefa de &hellip; <a href=\"https:\/\/blogs.multimeios.ufc.br\/iensf\/\">Continue lendo <span class=\"meta-nav\">&rarr;<\/span><\/a><\/p>\n","protected":false},"author":14,"featured_media":0,"parent":0,"menu_order":0,"comment_status":"closed","ping_status":"closed","template":"onecolumn-page.php","meta":{"footnotes":""},"class_list":["post-47","page","type-page","status-publish","hentry"],"yoast_head":"<!-- This site is optimized with the Yoast SEO plugin v27.5 - https:\/\/yoast.com\/product\/yoast-seo-wordpress\/ -->\n<title>I ENSF - I Encontro Nacional da Sequ\u00eancia Fedathi<\/title>\n<meta name=\"robots\" content=\"index, follow, max-snippet:-1, max-image-preview:large, max-video-preview:-1\" \/>\n<link rel=\"canonical\" href=\"https:\/\/blogs.multimeios.ufc.br\/iensf\/\" \/>\n<meta property=\"og:locale\" content=\"pt_BR\" \/>\n<meta property=\"og:type\" content=\"article\" \/>\n<meta property=\"og:title\" content=\"I ENSF - I Encontro Nacional da Sequ\u00eancia Fedathi\" \/>\n<meta property=\"og:description\" content=\"O I Encontro Nacional da Sequ\u00eancia Fedathi (ENSF) \u00e9 um evento idealizado pelo Grupo de Educa\u00e7\u00e3o Matem\u00e1tica do Multimeios GEM2 para comemorar os 30 anos de constitui\u00e7\u00e3o, produ\u00e7\u00e3o e amplia\u00e7\u00e3o da Sequ\u00eancia Fedathi. Esse in\u00edcio tem a dif\u00edcil tarefa de &hellip; Continue lendo &rarr;\" \/>\n<meta property=\"og:url\" content=\"https:\/\/blogs.multimeios.ufc.br\/iensf\/\" \/>\n<meta property=\"og:site_name\" content=\"I Encontro Nacional da Sequ\u00eancia Fedathi\" \/>\n<meta property=\"article:modified_time\" content=\"2018-08-24T22:15:43+00:00\" \/>\n<meta property=\"og:image\" content=\"http:\/\/blogs.multimeios.ufc.br\/ensf\/files\/2018\/07\/SELO-SF-sem-fundo-300x300.png\" \/>\n<meta name=\"twitter:card\" content=\"summary_large_image\" \/>\n<meta name=\"twitter:label1\" content=\"Est. tempo de leitura\" \/>\n\t<meta name=\"twitter:data1\" content=\"3 minutos\" \/>\n<script type=\"application\/ld+json\" class=\"yoast-schema-graph\">{\"@context\":\"https:\\\/\\\/schema.org\",\"@graph\":[{\"@type\":\"WebPage\",\"@id\":\"https:\\\/\\\/blogs.multimeios.ufc.br\\\/iensf\\\/\",\"url\":\"https:\\\/\\\/blogs.multimeios.ufc.br\\\/iensf\\\/\",\"name\":\"I ENSF - I Encontro Nacional da Sequ\u00eancia Fedathi\",\"isPartOf\":{\"@id\":\"https:\\\/\\\/blogs.multimeios.ufc.br\\\/iensf\\\/#website\"},\"primaryImageOfPage\":{\"@id\":\"https:\\\/\\\/blogs.multimeios.ufc.br\\\/iensf\\\/#primaryimage\"},\"image\":{\"@id\":\"https:\\\/\\\/blogs.multimeios.ufc.br\\\/iensf\\\/#primaryimage\"},\"thumbnailUrl\":\"http:\\\/\\\/blogs.multimeios.ufc.br\\\/ensf\\\/files\\\/2018\\\/07\\\/SELO-SF-sem-fundo-300x300.png\",\"datePublished\":\"2018-02-15T15:20:53+00:00\",\"dateModified\":\"2018-08-24T22:15:43+00:00\",\"inLanguage\":\"pt-BR\",\"potentialAction\":[{\"@type\":\"ReadAction\",\"target\":[\"https:\\\/\\\/blogs.multimeios.ufc.br\\\/iensf\\\/\"]}]},{\"@type\":\"ImageObject\",\"inLanguage\":\"pt-BR\",\"@id\":\"https:\\\/\\\/blogs.multimeios.ufc.br\\\/iensf\\\/#primaryimage\",\"url\":\"http:\\\/\\\/blogs.multimeios.ufc.br\\\/ensf\\\/files\\\/2018\\\/07\\\/SELO-SF-sem-fundo-300x300.png\",\"contentUrl\":\"http:\\\/\\\/blogs.multimeios.ufc.br\\\/ensf\\\/files\\\/2018\\\/07\\\/SELO-SF-sem-fundo-300x300.png\"},{\"@type\":\"WebSite\",\"@id\":\"https:\\\/\\\/blogs.multimeios.ufc.br\\\/iensf\\\/#website\",\"url\":\"https:\\\/\\\/blogs.multimeios.ufc.br\\\/iensf\\\/\",\"name\":\"I Encontro Nacional da Sequ\u00eancia Fedathi\",\"description\":\"Sequ\u00eancia Fedathi: 30 anos contribuindo com o ensino e a pesquisa para al\u00e9m das Ci\u00eancias Exatas\",\"potentialAction\":[{\"@type\":\"SearchAction\",\"target\":{\"@type\":\"EntryPoint\",\"urlTemplate\":\"https:\\\/\\\/blogs.multimeios.ufc.br\\\/iensf\\\/?s={search_term_string}\"},\"query-input\":{\"@type\":\"PropertyValueSpecification\",\"valueRequired\":true,\"valueName\":\"search_term_string\"}}],\"inLanguage\":\"pt-BR\"}]}<\/script>\n<!-- \/ Yoast SEO plugin. -->","yoast_head_json":{"title":"I ENSF - I Encontro Nacional da Sequ\u00eancia Fedathi","robots":{"index":"index","follow":"follow","max-snippet":"max-snippet:-1","max-image-preview":"max-image-preview:large","max-video-preview":"max-video-preview:-1"},"canonical":"https:\/\/blogs.multimeios.ufc.br\/iensf\/","og_locale":"pt_BR","og_type":"article","og_title":"I ENSF - I Encontro Nacional da Sequ\u00eancia Fedathi","og_description":"O I Encontro Nacional da Sequ\u00eancia Fedathi (ENSF) \u00e9 um evento idealizado pelo Grupo de Educa\u00e7\u00e3o Matem\u00e1tica do Multimeios GEM2 para comemorar os 30 anos de constitui\u00e7\u00e3o, produ\u00e7\u00e3o e amplia\u00e7\u00e3o da Sequ\u00eancia Fedathi. Esse in\u00edcio tem a dif\u00edcil tarefa de &hellip; Continue lendo &rarr;","og_url":"https:\/\/blogs.multimeios.ufc.br\/iensf\/","og_site_name":"I Encontro Nacional da Sequ\u00eancia Fedathi","article_modified_time":"2018-08-24T22:15:43+00:00","og_image":[{"url":"http:\/\/blogs.multimeios.ufc.br\/ensf\/files\/2018\/07\/SELO-SF-sem-fundo-300x300.png","type":"","width":"","height":""}],"twitter_card":"summary_large_image","twitter_misc":{"Est. tempo de leitura":"3 minutos"},"schema":{"@context":"https:\/\/schema.org","@graph":[{"@type":"WebPage","@id":"https:\/\/blogs.multimeios.ufc.br\/iensf\/","url":"https:\/\/blogs.multimeios.ufc.br\/iensf\/","name":"I ENSF - I Encontro Nacional da Sequ\u00eancia Fedathi","isPartOf":{"@id":"https:\/\/blogs.multimeios.ufc.br\/iensf\/#website"},"primaryImageOfPage":{"@id":"https:\/\/blogs.multimeios.ufc.br\/iensf\/#primaryimage"},"image":{"@id":"https:\/\/blogs.multimeios.ufc.br\/iensf\/#primaryimage"},"thumbnailUrl":"http:\/\/blogs.multimeios.ufc.br\/ensf\/files\/2018\/07\/SELO-SF-sem-fundo-300x300.png","datePublished":"2018-02-15T15:20:53+00:00","dateModified":"2018-08-24T22:15:43+00:00","inLanguage":"pt-BR","potentialAction":[{"@type":"ReadAction","target":["https:\/\/blogs.multimeios.ufc.br\/iensf\/"]}]},{"@type":"ImageObject","inLanguage":"pt-BR","@id":"https:\/\/blogs.multimeios.ufc.br\/iensf\/#primaryimage","url":"http:\/\/blogs.multimeios.ufc.br\/ensf\/files\/2018\/07\/SELO-SF-sem-fundo-300x300.png","contentUrl":"http:\/\/blogs.multimeios.ufc.br\/ensf\/files\/2018\/07\/SELO-SF-sem-fundo-300x300.png"},{"@type":"WebSite","@id":"https:\/\/blogs.multimeios.ufc.br\/iensf\/#website","url":"https:\/\/blogs.multimeios.ufc.br\/iensf\/","name":"I Encontro Nacional da Sequ\u00eancia Fedathi","description":"Sequ\u00eancia Fedathi: 30 anos contribuindo com o ensino e a pesquisa para al\u00e9m das Ci\u00eancias Exatas","potentialAction":[{"@type":"SearchAction","target":{"@type":"EntryPoint","urlTemplate":"https:\/\/blogs.multimeios.ufc.br\/iensf\/?s={search_term_string}"},"query-input":{"@type":"PropertyValueSpecification","valueRequired":true,"valueName":"search_term_string"}}],"inLanguage":"pt-BR"}]}},"_links":{"self":[{"href":"https:\/\/blogs.multimeios.ufc.br\/iensf\/wp-json\/wp\/v2\/pages\/47","targetHints":{"allow":["GET"]}}],"collection":[{"href":"https:\/\/blogs.multimeios.ufc.br\/iensf\/wp-json\/wp\/v2\/pages"}],"about":[{"href":"https:\/\/blogs.multimeios.ufc.br\/iensf\/wp-json\/wp\/v2\/types\/page"}],"author":[{"embeddable":true,"href":"https:\/\/blogs.multimeios.ufc.br\/iensf\/wp-json\/wp\/v2\/users\/14"}],"replies":[{"embeddable":true,"href":"https:\/\/blogs.multimeios.ufc.br\/iensf\/wp-json\/wp\/v2\/comments?post=47"}],"version-history":[{"count":27,"href":"https:\/\/blogs.multimeios.ufc.br\/iensf\/wp-json\/wp\/v2\/pages\/47\/revisions"}],"predecessor-version":[{"id":334,"href":"https:\/\/blogs.multimeios.ufc.br\/iensf\/wp-json\/wp\/v2\/pages\/47\/revisions\/334"}],"wp:attachment":[{"href":"https:\/\/blogs.multimeios.ufc.br\/iensf\/wp-json\/wp\/v2\/media?parent=47"}],"curies":[{"name":"wp","href":"https:\/\/api.w.org\/{rel}","templated":true}]}}