{"id":1158,"date":"2022-08-02T10:26:26","date_gmt":"2022-08-02T13:26:26","guid":{"rendered":"http:\/\/blogs.multimeios.ufc.br\/telemeios\/?page_id=1158"},"modified":"2022-08-02T11:42:03","modified_gmt":"2022-08-02T14:42:03","slug":"telemeios-uma-proposta-de-virtualizacao-do-ensino-ancorada-na-sequencia-fedathi","status":"publish","type":"page","link":"https:\/\/blogs.multimeios.ufc.br\/telemeios\/telemeios-uma-proposta-de-virtualizacao-do-ensino-ancorada-na-sequencia-fedathi\/","title":{"rendered":"TeleMeios: uma proposta de virtualiza\u00e7\u00e3o do ensino ancorada na Sequ\u00eancia Fedathi"},"content":{"rendered":"\t\t<div data-elementor-type=\"wp-page\" data-elementor-id=\"1158\" class=\"elementor elementor-1158\">\n\t\t\t\t\t\t<section class=\"elementor-section elementor-top-section elementor-element elementor-element-5d850d6 elementor-section-boxed elementor-section-height-default elementor-section-height-default\" data-id=\"5d850d6\" data-element_type=\"section\" data-e-type=\"section\">\n\t\t\t\t\t\t<div class=\"elementor-container elementor-column-gap-default\">\n\t\t\t\t\t<div class=\"elementor-column elementor-col-100 elementor-top-column elementor-element elementor-element-4bc3245\" data-id=\"4bc3245\" data-element_type=\"column\" data-e-type=\"column\">\n\t\t\t<div class=\"elementor-widget-wrap elementor-element-populated\">\n\t\t\t\t\t\t<div class=\"elementor-element elementor-element-16bcea0 elementor-widget elementor-widget-heading\" data-id=\"16bcea0\" data-element_type=\"widget\" data-e-type=\"widget\" data-widget_type=\"heading.default\">\n\t\t\t\t<div class=\"elementor-widget-container\">\n\t\t\t\t\t<h2 class=\"elementor-heading-title elementor-size-large\">TeleMeios: uma proposta de virtualiza\u00e7\u00e3o do ensino ancorada na Sequ\u00eancia Fedathi<\/h2>\t\t\t\t<\/div>\n\t\t\t\t<\/div>\n\t\t\t\t\t<\/div>\n\t\t<\/div>\n\t\t\t\t\t<\/div>\n\t\t<\/section>\n\t\t\t\t<section class=\"elementor-section elementor-top-section elementor-element elementor-element-b3d321d elementor-section-boxed elementor-section-height-default elementor-section-height-default\" data-id=\"b3d321d\" data-element_type=\"section\" data-e-type=\"section\">\n\t\t\t\t\t\t<div class=\"elementor-container elementor-column-gap-default\">\n\t\t\t\t\t<div class=\"elementor-column elementor-col-100 elementor-top-column elementor-element elementor-element-7589a5a\" data-id=\"7589a5a\" data-element_type=\"column\" data-e-type=\"column\">\n\t\t\t<div class=\"elementor-widget-wrap elementor-element-populated\">\n\t\t\t\t\t\t<div class=\"elementor-element elementor-element-0481d79 elementor-widget elementor-widget-text-editor\" data-id=\"0481d79\" data-element_type=\"widget\" data-e-type=\"widget\" data-widget_type=\"text-editor.default\">\n\t\t\t\t<div class=\"elementor-widget-container\">\n\t\t\t\t\t\t\t\t\t<p style=\"text-align: right\"><span style=\"font-family: Roboto;font-size: 10pt;font-style: normal;font-weight: 400;text-align: right\">Andr\u00e9 Santos Silva<br \/><\/span><span style=\"font-family: Roboto;font-size: 13.3333px;font-style: normal;font-weight: 400\">Antonia Lis de Maria Martins Torres<br \/><\/span><span style=\"font-family: Roboto;font-size: 10pt;font-style: normal;font-weight: 400\">Herm\u00ednio Borges Neto<br \/><\/span><span style=\"font-family: Roboto;font-size: 10pt;font-style: normal;font-weight: 400\">Publicado em 02\/08\/2022<br \/><\/span><span style=\"font-family: Roboto;font-size: 10pt;font-style: normal;font-weight: 400\">\u00daltima atualiza\u00e7\u00e3o em 02\/08\/2022<\/span><\/p>\t\t\t\t\t\t\t\t<\/div>\n\t\t\t\t<\/div>\n\t\t\t\t\t<\/div>\n\t\t<\/div>\n\t\t\t\t\t<\/div>\n\t\t<\/section>\n\t\t\t\t<section class=\"elementor-section elementor-top-section elementor-element elementor-element-11b0212 elementor-section-boxed elementor-section-height-default elementor-section-height-default\" data-id=\"11b0212\" data-element_type=\"section\" data-e-type=\"section\">\n\t\t\t\t\t\t<div class=\"elementor-container elementor-column-gap-default\">\n\t\t\t\t\t<div class=\"elementor-column elementor-col-100 elementor-top-column elementor-element elementor-element-3e0da94\" data-id=\"3e0da94\" data-element_type=\"column\" data-e-type=\"column\">\n\t\t\t<div class=\"elementor-widget-wrap elementor-element-populated\">\n\t\t\t\t\t\t<div class=\"elementor-element elementor-element-86fc989 elementor-widget elementor-widget-text-editor\" data-id=\"86fc989\" data-element_type=\"widget\" data-e-type=\"widget\" data-widget_type=\"text-editor.default\">\n\t\t\t\t<div class=\"elementor-widget-container\">\n\t\t\t\t\t\t\t\t\t<p>Acompanhe, abaixo, a defesa da disserta\u00e7\u00e3o de mestrado de Andr\u00e9 Santos Silva, intitulada &#8220;TeleMeios: uma proposta de virtualiza\u00e7\u00e3o do ensino ancorada na Sequ\u00eancia Fedathi&#8221;, realizada em 28\/07\/2022, \u00e0s 10h.<\/p>\n<p>Disserta\u00e7\u00e3o apresentada a Coordena\u00e7\u00e3o Programa de P\u00f3s-Gradua\u00e7\u00e3o em Educa\u00e7\u00e3o da Faculdade de Educa\u00e7\u00e3o da Universidade Federal do Cear\u00e1, como requisito parcial \u00e0 obten\u00e7\u00e3o do t\u00edtulo de Mestre em Educa\u00e7\u00e3o, na \u00e1<span style=\"font-size: 15px\">rea de concentra\u00e7\u00e3o &#8220;Novas Tecnologias e Educa\u00e7\u00e3o a Dist\u00e2ncia&#8221;.<\/span><\/p>\n<p><span style=\"font-size: 15px\">Orientadora: Prof\u00aa. Dr\u00aa. Antonia Lis de Maria Martins Torres<br \/>Coorientador: Prof. Dr. Herm\u00ednio Borges Neto<br \/>Examinador externo: Prof. Dr. Raimir Holanda Filho<br \/>Examinador convidado: Prof. Dr. Jos\u00e9 Rog\u00e9rio Santana<\/span><\/p>\t\t\t\t\t\t\t\t<\/div>\n\t\t\t\t<\/div>\n\t\t\t\t\t<\/div>\n\t\t<\/div>\n\t\t\t\t\t<\/div>\n\t\t<\/section>\n\t\t\t\t<section class=\"elementor-section elementor-top-section elementor-element elementor-element-5196317 elementor-section-boxed elementor-section-height-default elementor-section-height-default\" data-id=\"5196317\" data-element_type=\"section\" data-e-type=\"section\">\n\t\t\t\t\t\t<div class=\"elementor-container elementor-column-gap-default\">\n\t\t\t\t\t<div class=\"elementor-column elementor-col-100 elementor-top-column elementor-element elementor-element-4c1b2aa\" data-id=\"4c1b2aa\" data-element_type=\"column\" data-e-type=\"column\">\n\t\t\t<div class=\"elementor-widget-wrap elementor-element-populated\">\n\t\t\t\t\t\t\t<\/div>\n\t\t<\/div>\n\t\t\t\t\t<\/div>\n\t\t<\/section>\n\t\t\t\t<\/div>\n\t\t","protected":false},"excerpt":{"rendered":"<p>TeleMeios: uma proposta de virtualiza\u00e7\u00e3o do ensino ancorada na Sequ\u00eancia Fedathi Andr\u00e9 Santos SilvaAntonia Lis de Maria Martins TorresHerm\u00ednio Borges NetoPublicado em 02\/08\/2022\u00daltima atualiza\u00e7\u00e3o em 02\/08\/2022 Acompanhe, abaixo, a defesa da disserta\u00e7\u00e3o de mestrado de Andr\u00e9 Santos Silva, intitulada &#8220;TeleMeios: &hellip; <a href=\"https:\/\/blogs.multimeios.ufc.br\/telemeios\/telemeios-uma-proposta-de-virtualizacao-do-ensino-ancorada-na-sequencia-fedathi\/\">Continue reading <span class=\"meta-nav\">&rarr;<\/span><\/a><\/p>\n","protected":false},"author":22,"featured_media":0,"parent":0,"menu_order":0,"comment_status":"closed","ping_status":"closed","template":"elementor_header_footer","meta":{"footnotes":""},"class_list":["post-1158","page","type-page","status-publish","hentry"],"yoast_head":"<!-- This site is optimized with the Yoast SEO plugin v27.5 - https:\/\/yoast.com\/product\/yoast-seo-wordpress\/ -->\n<title>TeleMeios: uma proposta de virtualiza\u00e7\u00e3o do ensino ancorada na Sequ\u00eancia Fedathi - TeleMeios<\/title>\n<meta name=\"robots\" content=\"index, follow, max-snippet:-1, max-image-preview:large, max-video-preview:-1\" \/>\n<link rel=\"canonical\" href=\"https:\/\/blogs.multimeios.ufc.br\/telemeios\/telemeios-uma-proposta-de-virtualizacao-do-ensino-ancorada-na-sequencia-fedathi\/\" \/>\n<meta property=\"og:locale\" content=\"pt_BR\" \/>\n<meta property=\"og:type\" content=\"article\" \/>\n<meta property=\"og:title\" content=\"TeleMeios: uma proposta de virtualiza\u00e7\u00e3o do ensino ancorada na Sequ\u00eancia Fedathi - TeleMeios\" \/>\n<meta property=\"og:description\" content=\"TeleMeios: uma proposta de virtualiza\u00e7\u00e3o do ensino ancorada na Sequ\u00eancia Fedathi Andr\u00e9 Santos SilvaAntonia Lis de Maria Martins TorresHerm\u00ednio Borges NetoPublicado em 02\/08\/2022\u00daltima atualiza\u00e7\u00e3o em 02\/08\/2022 Acompanhe, abaixo, a defesa da disserta\u00e7\u00e3o de mestrado de Andr\u00e9 Santos Silva, intitulada &#8220;TeleMeios: &hellip; Continue reading &rarr;\" \/>\n<meta property=\"og:url\" content=\"https:\/\/blogs.multimeios.ufc.br\/telemeios\/telemeios-uma-proposta-de-virtualizacao-do-ensino-ancorada-na-sequencia-fedathi\/\" \/>\n<meta property=\"og:site_name\" content=\"TeleMeios\" \/>\n<meta property=\"article:modified_time\" content=\"2022-08-02T14:42:03+00:00\" \/>\n<meta name=\"twitter:card\" content=\"summary_large_image\" \/>\n<meta name=\"twitter:label1\" content=\"Est. tempo de leitura\" \/>\n\t<meta name=\"twitter:data1\" content=\"1 minuto\" \/>\n<script type=\"application\/ld+json\" class=\"yoast-schema-graph\">{\"@context\":\"https:\\\/\\\/schema.org\",\"@graph\":[{\"@type\":\"WebPage\",\"@id\":\"https:\\\/\\\/blogs.multimeios.ufc.br\\\/telemeios\\\/telemeios-uma-proposta-de-virtualizacao-do-ensino-ancorada-na-sequencia-fedathi\\\/\",\"url\":\"https:\\\/\\\/blogs.multimeios.ufc.br\\\/telemeios\\\/telemeios-uma-proposta-de-virtualizacao-do-ensino-ancorada-na-sequencia-fedathi\\\/\",\"name\":\"TeleMeios: uma proposta de virtualiza\u00e7\u00e3o do ensino ancorada na Sequ\u00eancia Fedathi - TeleMeios\",\"isPartOf\":{\"@id\":\"https:\\\/\\\/blogs.multimeios.ufc.br\\\/telemeios\\\/#website\"},\"datePublished\":\"2022-08-02T13:26:26+00:00\",\"dateModified\":\"2022-08-02T14:42:03+00:00\",\"breadcrumb\":{\"@id\":\"https:\\\/\\\/blogs.multimeios.ufc.br\\\/telemeios\\\/telemeios-uma-proposta-de-virtualizacao-do-ensino-ancorada-na-sequencia-fedathi\\\/#breadcrumb\"},\"inLanguage\":\"pt-BR\",\"potentialAction\":[{\"@type\":\"ReadAction\",\"target\":[\"https:\\\/\\\/blogs.multimeios.ufc.br\\\/telemeios\\\/telemeios-uma-proposta-de-virtualizacao-do-ensino-ancorada-na-sequencia-fedathi\\\/\"]}]},{\"@type\":\"BreadcrumbList\",\"@id\":\"https:\\\/\\\/blogs.multimeios.ufc.br\\\/telemeios\\\/telemeios-uma-proposta-de-virtualizacao-do-ensino-ancorada-na-sequencia-fedathi\\\/#breadcrumb\",\"itemListElement\":[{\"@type\":\"ListItem\",\"position\":1,\"name\":\"In\u00edcio\",\"item\":\"https:\\\/\\\/blogs.multimeios.ufc.br\\\/telemeios\\\/\"},{\"@type\":\"ListItem\",\"position\":2,\"name\":\"TeleMeios: uma proposta de virtualiza\u00e7\u00e3o do ensino ancorada na Sequ\u00eancia Fedathi\"}]},{\"@type\":\"WebSite\",\"@id\":\"https:\\\/\\\/blogs.multimeios.ufc.br\\\/telemeios\\\/#website\",\"url\":\"https:\\\/\\\/blogs.multimeios.ufc.br\\\/telemeios\\\/\",\"name\":\"TeleMeios\",\"description\":\"Ambiente Virtual multim\u00eddia, interativo e colaborativo para atividades a dist\u00e2ncia.\",\"potentialAction\":[{\"@type\":\"SearchAction\",\"target\":{\"@type\":\"EntryPoint\",\"urlTemplate\":\"https:\\\/\\\/blogs.multimeios.ufc.br\\\/telemeios\\\/?s={search_term_string}\"},\"query-input\":{\"@type\":\"PropertyValueSpecification\",\"valueRequired\":true,\"valueName\":\"search_term_string\"}}],\"inLanguage\":\"pt-BR\"}]}<\/script>\n<!-- \/ Yoast SEO plugin. -->","yoast_head_json":{"title":"TeleMeios: uma proposta de virtualiza\u00e7\u00e3o do ensino ancorada na Sequ\u00eancia Fedathi - TeleMeios","robots":{"index":"index","follow":"follow","max-snippet":"max-snippet:-1","max-image-preview":"max-image-preview:large","max-video-preview":"max-video-preview:-1"},"canonical":"https:\/\/blogs.multimeios.ufc.br\/telemeios\/telemeios-uma-proposta-de-virtualizacao-do-ensino-ancorada-na-sequencia-fedathi\/","og_locale":"pt_BR","og_type":"article","og_title":"TeleMeios: uma proposta de virtualiza\u00e7\u00e3o do ensino ancorada na Sequ\u00eancia Fedathi - TeleMeios","og_description":"TeleMeios: uma proposta de virtualiza\u00e7\u00e3o do ensino ancorada na Sequ\u00eancia Fedathi Andr\u00e9 Santos SilvaAntonia Lis de Maria Martins TorresHerm\u00ednio Borges NetoPublicado em 02\/08\/2022\u00daltima atualiza\u00e7\u00e3o em 02\/08\/2022 Acompanhe, abaixo, a defesa da disserta\u00e7\u00e3o de mestrado de Andr\u00e9 Santos Silva, intitulada &#8220;TeleMeios: &hellip; Continue reading &rarr;","og_url":"https:\/\/blogs.multimeios.ufc.br\/telemeios\/telemeios-uma-proposta-de-virtualizacao-do-ensino-ancorada-na-sequencia-fedathi\/","og_site_name":"TeleMeios","article_modified_time":"2022-08-02T14:42:03+00:00","twitter_card":"summary_large_image","twitter_misc":{"Est. tempo de leitura":"1 minuto"},"schema":{"@context":"https:\/\/schema.org","@graph":[{"@type":"WebPage","@id":"https:\/\/blogs.multimeios.ufc.br\/telemeios\/telemeios-uma-proposta-de-virtualizacao-do-ensino-ancorada-na-sequencia-fedathi\/","url":"https:\/\/blogs.multimeios.ufc.br\/telemeios\/telemeios-uma-proposta-de-virtualizacao-do-ensino-ancorada-na-sequencia-fedathi\/","name":"TeleMeios: uma proposta de virtualiza\u00e7\u00e3o do ensino ancorada na Sequ\u00eancia Fedathi - TeleMeios","isPartOf":{"@id":"https:\/\/blogs.multimeios.ufc.br\/telemeios\/#website"},"datePublished":"2022-08-02T13:26:26+00:00","dateModified":"2022-08-02T14:42:03+00:00","breadcrumb":{"@id":"https:\/\/blogs.multimeios.ufc.br\/telemeios\/telemeios-uma-proposta-de-virtualizacao-do-ensino-ancorada-na-sequencia-fedathi\/#breadcrumb"},"inLanguage":"pt-BR","potentialAction":[{"@type":"ReadAction","target":["https:\/\/blogs.multimeios.ufc.br\/telemeios\/telemeios-uma-proposta-de-virtualizacao-do-ensino-ancorada-na-sequencia-fedathi\/"]}]},{"@type":"BreadcrumbList","@id":"https:\/\/blogs.multimeios.ufc.br\/telemeios\/telemeios-uma-proposta-de-virtualizacao-do-ensino-ancorada-na-sequencia-fedathi\/#breadcrumb","itemListElement":[{"@type":"ListItem","position":1,"name":"In\u00edcio","item":"https:\/\/blogs.multimeios.ufc.br\/telemeios\/"},{"@type":"ListItem","position":2,"name":"TeleMeios: uma proposta de virtualiza\u00e7\u00e3o do ensino ancorada na Sequ\u00eancia Fedathi"}]},{"@type":"WebSite","@id":"https:\/\/blogs.multimeios.ufc.br\/telemeios\/#website","url":"https:\/\/blogs.multimeios.ufc.br\/telemeios\/","name":"TeleMeios","description":"Ambiente Virtual multim\u00eddia, interativo e colaborativo para atividades a dist\u00e2ncia.","potentialAction":[{"@type":"SearchAction","target":{"@type":"EntryPoint","urlTemplate":"https:\/\/blogs.multimeios.ufc.br\/telemeios\/?s={search_term_string}"},"query-input":{"@type":"PropertyValueSpecification","valueRequired":true,"valueName":"search_term_string"}}],"inLanguage":"pt-BR"}]}},"_links":{"self":[{"href":"https:\/\/blogs.multimeios.ufc.br\/telemeios\/wp-json\/wp\/v2\/pages\/1158","targetHints":{"allow":["GET"]}}],"collection":[{"href":"https:\/\/blogs.multimeios.ufc.br\/telemeios\/wp-json\/wp\/v2\/pages"}],"about":[{"href":"https:\/\/blogs.multimeios.ufc.br\/telemeios\/wp-json\/wp\/v2\/types\/page"}],"author":[{"embeddable":true,"href":"https:\/\/blogs.multimeios.ufc.br\/telemeios\/wp-json\/wp\/v2\/users\/22"}],"replies":[{"embeddable":true,"href":"https:\/\/blogs.multimeios.ufc.br\/telemeios\/wp-json\/wp\/v2\/comments?post=1158"}],"version-history":[{"count":44,"href":"https:\/\/blogs.multimeios.ufc.br\/telemeios\/wp-json\/wp\/v2\/pages\/1158\/revisions"}],"predecessor-version":[{"id":1207,"href":"https:\/\/blogs.multimeios.ufc.br\/telemeios\/wp-json\/wp\/v2\/pages\/1158\/revisions\/1207"}],"wp:attachment":[{"href":"https:\/\/blogs.multimeios.ufc.br\/telemeios\/wp-json\/wp\/v2\/media?parent=1158"}],"curies":[{"name":"wp","href":"https:\/\/api.w.org\/{rel}","templated":true}]}}